{"id":2,"date":"2020-02-13T18:15:27","date_gmt":"2020-02-13T18:15:27","guid":{"rendered":"https:\/\/ntc-avi.com\/?page_id=2"},"modified":"2026-01-12T10:55:19","modified_gmt":"2026-01-12T10:55:19","slug":"home","status":"publish","type":"page","link":"https:\/\/ntc-avi.com\/","title":{"rendered":""},"content":{"rendered":"<p>[et_pb_section fb_built=\u00bb1&#8243; admin_label=\u00bbHero Section\u00bb _builder_version=\u00bb4.3.2&#8243; background_color=\u00bb#FFFFFF\u00bb background_image=\u00bbhttps:\/\/ntc-avi.com\/wp-content\/uploads\/2020\/02\/FONDOtransparete.png\u00bb parallax=\u00bbon\u00bb width=\u00bb100%\u00bb max_width=\u00bb100%\u00bb module_alignment=\u00bbcenter\u00bb min_height=\u00bb704px\u00bb custom_margin=\u00bb||2px|||\u00bb custom_padding=\u00bb||5px|||\u00bb bottom_divider_style=\u00bbramp\u00bb bottom_divider_color=\u00bbrgba(207,112,1,0.36)\u00bb bottom_divider_height=\u00bb140px\u00bb bottom_divider_repeat=\u00bb0x\u00bb bottom_divider_flip=\u00bbhorizontal\u00bb animation_style=\u00bbfade\u00bb da_disable_devices=\u00bboff|off|off\u00bb da_is_popup=\u00bboff\u00bb da_exit_intent=\u00bboff\u00bb da_has_close=\u00bbon\u00bb da_alt_close=\u00bboff\u00bb da_dark_close=\u00bboff\u00bb da_not_modal=\u00bbon\u00bb da_is_singular=\u00bboff\u00bb da_with_loader=\u00bboff\u00bb da_has_shadow=\u00bbon\u00bb][et_pb_row _builder_version=\u00bb4.3.2&#8243;][et_pb_column type=\u00bb4_4&#8243; _builder_version=\u00bb4.3.2&#8243;][\/et_pb_column][\/et_pb_row][et_pb_row _builder_version=\u00bb4.3.2&#8243;][et_pb_column type=\u00bb4_4&#8243; _builder_version=\u00bb4.3.2&#8243;][et_pb_text _builder_version=\u00bb4.3.2&#8243; text_text_color=\u00bb#cf7001&#8243; transform_scale=\u00bb214%|214%\u00bb width=\u00bb100%\u00bb max_width=\u00bb100%\u00bb module_alignment=\u00bbcenter\u00bb inline_fonts=\u00bbABeeZee\u00bb]<\/p>\n<h1 style=\"text-align: center;\"><span style=\"font-size: xx-large; font-family: ABeeZee; font-weight: normal; color: #cf7001;\"><strong>UCIE NTC-AVI<\/strong><\/span><\/h1>\n<p>[\/et_pb_text][et_pb_text _builder_version=\u00bb4.3.2&#8243; text_text_shadow_style=\u00bbpreset2&#8243; text_text_shadow_blur_strength=\u00bb0.47em\u00bb inline_fonts=\u00bbABeeZee\u00bb]<\/p>\n<h1 style=\"text-align: center;\"><span style=\"font-size: xx-large;\">Unidad Cient\u00edfica de Innovaci\u00f3n Empresarial<\/span><\/h1>\n<p>[\/et_pb_text][\/et_pb_column][\/et_pb_row][\/et_pb_section][et_pb_section fb_built=\u00bb1&#8243; admin_label=\u00bbQUIENES SOMOS\u00bb module_id=\u00bbQUIENES SOMOS\u00bb _builder_version=\u00bb4.3.2&#8243; background_color=\u00bb#FFFFFF\u00bb min_height=\u00bb700px\u00bb custom_margin=\u00bb2px|||||\u00bb custom_padding=\u00bb0px|0px|5px|0px||\u00bb top_divider_style=\u00bbmountains\u00bb top_divider_color=\u00bbrgba(207,112,1,0.36)\u00bb top_divider_flip=\u00bbhorizontal\u00bb da_popup_slug=\u00bbQUIENES-SOMOS\u00bb da_disable_devices=\u00bboff|off|off\u00bb da_is_popup=\u00bboff\u00bb da_exit_intent=\u00bboff\u00bb da_has_close=\u00bbon\u00bb da_alt_close=\u00bboff\u00bb da_dark_close=\u00bboff\u00bb da_not_modal=\u00bbon\u00bb da_is_singular=\u00bboff\u00bb da_with_loader=\u00bboff\u00bb da_has_shadow=\u00bbon\u00bb][et_pb_row column_structure=\u00bb1_2,1_2&#8243; admin_label=\u00bbGetting Paid\u00bb _builder_version=\u00bb3.25&#8243; custom_margin=\u00bb|||\u00bb custom_padding=\u00bb||1px|||\u00bb locked=\u00bboff\u00bb][et_pb_column type=\u00bb1_2&#8243; _builder_version=\u00bb3.25&#8243; custom_padding=\u00bb|||\u00bb custom_padding__hover=\u00bb|||\u00bb][\/et_pb_column][et_pb_column type=\u00bb1_2&#8243; _builder_version=\u00bb3.25&#8243; custom_padding=\u00bb|||\u00bb custom_padding__hover=\u00bb|||\u00bb][\/et_pb_column][\/et_pb_row][et_pb_row column_structure=\u00bb1_2,1_2&#8243; admin_label=\u00bbGetting Paid\u00bb _builder_version=\u00bb3.25&#8243; custom_margin=\u00bb|||\u00bb custom_padding=\u00bb||1px|||\u00bb locked=\u00bboff\u00bb][et_pb_column type=\u00bb1_2&#8243; _builder_version=\u00bb3.25&#8243; custom_padding=\u00bb|||\u00bb custom_padding__hover=\u00bb|||\u00bb][\/et_pb_column][et_pb_column type=\u00bb1_2&#8243; _builder_version=\u00bb3.25&#8243; custom_padding=\u00bb|||\u00bb custom_padding__hover=\u00bb|||\u00bb][\/et_pb_column][\/et_pb_row][et_pb_row column_structure=\u00bb1_2,1_2&#8243; admin_label=\u00bbSending Payments\u00bb _builder_version=\u00bb4.3.2&#8243; min_height=\u00bb496px\u00bb custom_margin=\u00bb|||\u00bb custom_padding=\u00bb58px|||||\u00bb][et_pb_column type=\u00bb1_2&#8243; _builder_version=\u00bb4.3.2&#8243; custom_padding=\u00bb|0px||0px|false|false\u00bb custom_padding__hover=\u00bb|||\u00bb][et_pb_text _builder_version=\u00bb4.3.2&#8243; text_font=\u00bbPT Sans|700|||||||\u00bb text_text_color=\u00bb#E09900&#8243; text_font_size=\u00bb45px\u00bb text_letter_spacing=\u00bb5px\u00bb header_font=\u00bb||||||||\u00bb text_orientation=\u00bbcenter\u00bb width=\u00bb100%\u00bb max_width=\u00bb100%\u00bb module_alignment=\u00bbcenter\u00bb custom_margin=\u00bb||-1px|||\u00bb custom_padding=\u00bb||40px|||\u00bb]<\/p>\n<p><span style=\"font-size: xx-large;\">\u00bfQUI\u00c9NES SOMOS?<\/span><\/p>\n<p>[\/et_pb_text][et_pb_image src=\u00bbhttps:\/\/ntc-avi.com\/wp-content\/uploads\/2020\/02\/quienes-somos2.png\u00bb show_bottom_space=\u00bboff\u00bb align=\u00bbcenter\u00bb align_tablet=\u00bbcenter\u00bb align_phone=\u00bbright\u00bb align_last_edited=\u00bbon|phone\u00bb _builder_version=\u00bb4.3.2&#8243; transform_translate=\u00bb-48px|26px\u00bb width=\u00bb100%\u00bb max_width=\u00bb100%\u00bb module_alignment=\u00bbcenter\u00bb custom_margin=\u00bb||||false|false\u00bb custom_padding=\u00bb|0px||31px|false|false\u00bb animation_style=\u00bbslide\u00bb animation_direction=\u00bbbottom\u00bb animation_intensity_slide=\u00bb10%\u00bb][\/et_pb_image][\/et_pb_column][et_pb_column type=\u00bb1_2&#8243; _builder_version=\u00bb3.25&#8243; custom_padding=\u00bb|||\u00bb custom_padding__hover=\u00bb|||\u00bb][et_pb_text _builder_version=\u00bb4.3.2&#8243; text_font=\u00bb||||||||\u00bb text_text_color=\u00bb#000000&#8243; text_font_size=\u00bb10px\u00bb text_line_height=\u00bb1.8em\u00bb header_font=\u00bb||||||||\u00bb header_text_color=\u00bb#000000&#8243; header_2_font=\u00bbPoppins|500|||||||\u00bb header_2_text_color=\u00bb#ffffff\u00bb header_2_font_size=\u00bb38px\u00bb header_2_line_height=\u00bb1.3em\u00bb header_3_font=\u00bb||||||||\u00bb header_4_font=\u00bb||||||||\u00bb]<\/p>\n<p style=\"text-align: justify;\"><span style=\"font-size: medium;\">La <strong>Agencia Valenciana de Innovaci\u00f3n<\/strong> (AVI) tiene como objetivo promover el fortalecimiento y desarrollo del Sistema Valenciano de Innovaci\u00f3n en su conjunto, en estrecha colaboraci\u00f3n con el resto de organismos y entidades relacionadas con la I+D y la innovaci\u00f3n. Una de las acciones para conseguir este objetivo es la creaci\u00f3n y potenciaci\u00f3n de unidades cient\u00edficas de desarrollo de tecnolog\u00edas y difusi\u00f3n del conocimiento hacia la empresa.<\/span><\/p>\n<p style=\"text-align: justify;\"><span style=\"font-size: medium;\">La AVI apoya la creaci\u00f3n de estas estructuras en el seno de centros de investigaci\u00f3n de acreditada solvencia investigadora, para que incorporen los recursos t\u00e9cnicos y humanos necesarios para desarrollar innovaciones a partir del conocimiento generado en la investigaci\u00f3n llevada a cabo en estos centros. Estas innovaciones deber\u00e1n orientarse al mercado, como forma de acercar el conocimiento a la empresa.<\/span><\/p>\n<p style=\"text-align: justify;\"><span style=\"font-size: medium;\">La creaci\u00f3n de la <strong>Unidad Cient\u00edfica de Innovaci\u00f3n Empresarial<\/strong> (UCIE) del <strong>Instituto de Tecnolog\u00eda Nanofot\u00f3nica de la Universitat Polit\u00e8cnica de Val\u00e8ncia<\/strong>, gracias a la ayuda de la AVI, consolida el compromiso de este instituto de investigaci\u00f3n con la innovaci\u00f3n basada en el conocimiento y la transferencia de tecnolog\u00eda al sector productivo. La UCIE del Instituto NTC incorpora el personal y los medios necesarios para llevar a cabo esta fundamental misi\u00f3n.<\/span><\/p>\n<p>[\/et_pb_text][\/et_pb_column][\/et_pb_row][\/et_pb_section][et_pb_section fb_built=\u00bb1&#8243; custom_padding_last_edited=\u00bbon|desktop\u00bb admin_label=\u00bbGetting Paid\u00bb module_id=\u00bbProyectos\u00bb _builder_version=\u00bb4.3.2&#8243; background_enable_color=\u00bboff\u00bb background_color_gradient_direction=\u00bb270deg\u00bb background_blend=\u00bboverlay\u00bb custom_margin=\u00bb|||\u00bb custom_padding=\u00bb4px|0px|102px|0px||\u00bb custom_padding_tablet=\u00bb\u00bb custom_padding_phone=\u00bb\u00bb animation_direction=\u00bbright\u00bb da_popup_slug=\u00bbProyectos\u00bb da_disable_devices=\u00bboff|off|off\u00bb border_radii=\u00bb||0px|0px|\u00bb border_width_all=\u00bb0px\u00bb border_color_all=\u00bb#333333&#8243; border_style_all=\u00bbsolid\u00bb locked=\u00bboff\u00bb da_is_popup=\u00bboff\u00bb da_exit_intent=\u00bboff\u00bb da_has_close=\u00bbon\u00bb da_alt_close=\u00bboff\u00bb da_dark_close=\u00bboff\u00bb da_not_modal=\u00bbon\u00bb da_is_singular=\u00bboff\u00bb da_with_loader=\u00bboff\u00bb da_has_shadow=\u00bbon\u00bb][et_pb_row _builder_version=\u00bb4.3.2&#8243;][et_pb_column type=\u00bb4_4&#8243; _builder_version=\u00bb4.3.2&#8243;][et_pb_text _builder_version=\u00bb4.3.2&#8243;][\/et_pb_text][\/et_pb_column][\/et_pb_row][et_pb_row column_structure=\u00bb1_2,1_2&#8243; admin_label=\u00bbGetting Paid\u00bb _builder_version=\u00bb3.25&#8243; custom_margin=\u00bb|||\u00bb custom_padding=\u00bb9px||5px|||\u00bb locked=\u00bboff\u00bb][et_pb_column type=\u00bb1_2&#8243; _builder_version=\u00bb3.25&#8243; custom_padding=\u00bb|||\u00bb custom_padding__hover=\u00bb|||\u00bb][et_pb_text _builder_version=\u00bb4.3.2&#8243; text_font=\u00bbPT Sans|700|||||||\u00bb text_text_color=\u00bb#E09900&#8243; text_font_size=\u00bb55px\u00bb text_letter_spacing=\u00bb5px\u00bb header_font=\u00bb||||||||\u00bb]<\/p>\n<p><span style=\"font-size: xx-large;\">PROYECTOS<\/span><\/p>\n<p>[\/et_pb_text][\/et_pb_column][et_pb_column type=\u00bb1_2&#8243; _builder_version=\u00bb3.25&#8243; custom_padding=\u00bb|||\u00bb custom_padding__hover=\u00bb|||\u00bb][\/et_pb_column][\/et_pb_row][et_pb_row _builder_version=\u00bb4.3.2&#8243;][et_pb_column type=\u00bb4_4&#8243; _builder_version=\u00bb4.3.2&#8243;][et_pb_text _builder_version=\u00bb4.3.2&#8243;][\/et_pb_text][\/et_pb_column][\/et_pb_row][et_pb_row use_custom_gutter=\u00bbon\u00bb column_padding_mobile=\u00bbon\u00bb custom_padding_last_edited=\u00bbon|desktop\u00bb _builder_version=\u00bb4.3.2&#8243; use_background_color_gradient=\u00bbon\u00bb background_color_gradient_start=\u00bb#cf7001&#8243; background_color_gradient_end=\u00bb#ea9c00&#8243; background_color_gradient_direction=\u00bb90deg\u00bb background_size=\u00bbinitial\u00bb background_position=\u00bbtop_left\u00bb background_repeat=\u00bbrepeat\u00bb width=\u00bb90%\u00bb max_width=\u00bb90%\u00bb min_height=\u00bb378px\u00bb custom_margin=\u00bb|||0px\u00bb custom_padding=\u00bb4px|15.7%|14px|14.1%||\u00bb custom_padding_tablet=\u00bb100px||100px|10%\u00bb custom_padding_phone=\u00bb|||\u00bb animation_style=\u00bbslide\u00bb animation_direction=\u00bbleft\u00bb animation_intensity_slide=\u00bb5%\u00bb animation_starting_opacity=\u00bb100%\u00bb hover_enabled=\u00bb0&#8243; border_radii=\u00bboff||300px|300px|\u00bb border_color_all=\u00bb#E09900&#8243; box_shadow_style=\u00bbpreset4&#8243; box_shadow_horizontal=\u00bb30px\u00bb box_shadow_vertical=\u00bb0px\u00bb box_shadow_color=\u00bbrgba(188,135,0,0.3)\u00bb use_custom_width=\u00bbon\u00bb width_unit=\u00bboff\u00bb custom_width_percent=\u00bb90%\u00bb][et_pb_column type=\u00bb4_4&#8243; _builder_version=\u00bb3.25&#8243; custom_padding=\u00bb|||\u00bb custom_padding__hover=\u00bb|||\u00bb][et_pb_slider _builder_version=\u00bb4.3.2&#8243; min_height=\u00bb477px\u00bb custom_margin=\u00bb33px|||||\u00bb custom_padding=\u00bb1px||6px|||\u00bb hover_enabled=\u00bb0&#8243;][et_pb_slide heading=\u00bbExpansi\u00f3n y consolidaci\u00f3n de la UCIE\u00bb button_text=\u00bbLeer m\u00e1s\u00bb button_link=\u00bb#ucie\u00bb _builder_version=\u00bb4.3.2&#8243; header_text_color=\u00bb#000000&#8243; background_color=\u00bbrgba(0,0,0,0)\u00bb background_enable_color=\u00bbon\u00bb]<\/p>\n<p><img loading=\"lazy\" src=\"https:\/\/ntc-avi.com\/wp-content\/uploads\/2024\/11\/UCIE-Logo.png\" alt=\"\" class=\"wp-image-150 alignnone size-medium\" width=\"700\" height=\"169\" \/><\/p>\n<p>[\/et_pb_slide][et_pb_slide heading=\u00bbDetecci\u00f3n de Escherichia coli en alimentos\u00bb button_text=\u00bbLeer m\u00e1s\u00bb button_link=\u00bb#Proyecto1&#8243; image=\u00bbhttps:\/\/ntc-avi.com\/wp-content\/uploads\/2020\/02\/e-coli-escherichia-coli-bacteria-cells-PC7ZTDA-scaled.jpg\u00bb use_bg_overlay=\u00bboff\u00bb use_text_overlay=\u00bboff\u00bb _builder_version=\u00bb4.3.2&#8243; background_color=\u00bbrgba(0,0,0,0)\u00bb background_enable_color=\u00bbon\u00bb custom_button=\u00bbon\u00bb button_text_color=\u00bb#FFFFFF\u00bb button_border_color=\u00bbrgba(255,255,255,0.62)\u00bb button_alignment=\u00bbcenter\u00bb background_layout=\u00bblight\u00bb border_width_all_image=\u00bb5px\u00bb border_style_all_image=\u00bbnone\u00bb box_shadow_style_image=\u00bbpreset2&#8243; box_shadow_horizontal_image=\u00bb15px\u00bb box_shadow_vertical_image=\u00bb13px\u00bb box_shadow_blur_image=\u00bb25px\u00bb][\/et_pb_slide][et_pb_slide heading=\u00bbDetecci\u00f3n de bacteria Acinetobacter en orina\u00bb button_text=\u00bbLeer m\u00e1s\u00bb button_link=\u00bb#Proyecto2&#8243; image=\u00bbhttps:\/\/ntc-avi.com\/wp-content\/uploads\/2020\/02\/microbiology-working-with-petri-dishes-P2MKBA4-scaled.jpg\u00bb use_bg_overlay=\u00bboff\u00bb use_text_overlay=\u00bboff\u00bb _builder_version=\u00bb4.3.2&#8243; background_color=\u00bbrgba(0,0,0,0)\u00bb background_enable_color=\u00bbon\u00bb custom_button=\u00bbon\u00bb button_text_color=\u00bb#FFFFFF\u00bb button_alignment=\u00bbcenter\u00bb background_layout=\u00bblight\u00bb border_width_all_image=\u00bb5px\u00bb border_style_all_image=\u00bbnone\u00bb box_shadow_style_image=\u00bbpreset2&#8243; box_shadow_horizontal_image=\u00bb15px\u00bb box_shadow_vertical_image=\u00bb13px\u00bb box_shadow_blur_image=\u00bb25px\u00bb][\/et_pb_slide][et_pb_slide heading=\u00bbDemostraci\u00f3n funcional de un sistema de monitorizaci\u00f3n de calidad de aguas basado en una red subacuatica de fibra \u00f3ptica\u00bb button_text=\u00bbLeer m\u00e1s\u00bb button_link=\u00bb#Proyecto3&#8243; image=\u00bbhttps:\/\/ntc-avi.com\/wp-content\/uploads\/2020\/02\/fiber-optic-cable-PA9T95Q-scaled.jpg\u00bb use_bg_overlay=\u00bboff\u00bb use_text_overlay=\u00bboff\u00bb _builder_version=\u00bb4.3.2&#8243; header_level=\u00bbh2&#8243; header_font_size=\u00bb35px\u00bb background_color=\u00bbrgba(0,0,0,0)\u00bb background_enable_color=\u00bbon\u00bb custom_button=\u00bbon\u00bb button_text_color=\u00bb#FFFFFF\u00bb button_alignment=\u00bbcenter\u00bb text_orientation=\u00bbleft\u00bb background_layout=\u00bblight\u00bb border_width_all_image=\u00bb5px\u00bb border_style_all_image=\u00bbnone\u00bb box_shadow_style_image=\u00bbpreset2&#8243; box_shadow_horizontal_image=\u00bb15px\u00bb box_shadow_vertical_image=\u00bb13px\u00bb box_shadow_blur_image=\u00bb25px\u00bb][\/et_pb_slide][et_pb_slide heading=\u00bbDetecci\u00f3n de enfermedades oculares\u00bb button_text=\u00bbLeer m\u00e1s\u00bb button_link=\u00bb#Proyecto4&#8243; image=\u00bbhttps:\/\/ntc-avi.com\/wp-content\/uploads\/2020\/02\/Ojo.png\u00bb use_bg_overlay=\u00bboff\u00bb use_text_overlay=\u00bboff\u00bb _builder_version=\u00bb4.3.2&#8243; header_level=\u00bbh2&#8243; header_font_size=\u00bb35px\u00bb background_color=\u00bbrgba(0,0,0,0)\u00bb background_enable_color=\u00bbon\u00bb custom_button=\u00bbon\u00bb button_text_color=\u00bb#FFFFFF\u00bb button_alignment=\u00bbcenter\u00bb text_orientation=\u00bbleft\u00bb background_layout=\u00bblight\u00bb border_width_all_image=\u00bb5px\u00bb border_style_all_image=\u00bbnone\u00bb box_shadow_style_image=\u00bbpreset2&#8243; box_shadow_horizontal_image=\u00bb15px\u00bb box_shadow_vertical_image=\u00bb13px\u00bb box_shadow_blur_image=\u00bb25px\u00bb][\/et_pb_slide][et_pb_slide heading=\u00bbDesarrollo de sensores para vigilancia de la calidad del agua\u00bb button_text=\u00bbLeer m\u00e1s\u00bb button_link=\u00bb#Proyecto5&#8243; image=\u00bbhttps:\/\/ntc-avi.com\/wp-content\/uploads\/2020\/02\/1160082-scaled.jpg\u00bb use_bg_overlay=\u00bboff\u00bb use_text_overlay=\u00bboff\u00bb _builder_version=\u00bb4.3.2&#8243; header_level=\u00bbh2&#8243; header_font_size=\u00bb35px\u00bb background_color=\u00bbrgba(0,0,0,0)\u00bb background_enable_color=\u00bbon\u00bb custom_button=\u00bbon\u00bb button_text_color=\u00bb#FFFFFF\u00bb button_alignment=\u00bbcenter\u00bb text_orientation=\u00bbleft\u00bb background_layout=\u00bblight\u00bb border_width_all_image=\u00bb5px\u00bb border_style_all_image=\u00bbnone\u00bb box_shadow_style_image=\u00bbpreset2&#8243; box_shadow_horizontal_image=\u00bb15px\u00bb box_shadow_vertical_image=\u00bb13px\u00bb box_shadow_blur_image=\u00bb25px\u00bb][\/et_pb_slide][et_pb_slide heading=\u00bbDetecci\u00f3n simult\u00e1nea de virus SARS-COV-2 y anticuerpos IgM e IgG\u00bb button_text=\u00bbLeer m\u00e1s\u00bb button_link=\u00bb#Proyecto6&#8243; image=\u00bbhttps:\/\/ntc-avi.com\/wp-content\/uploads\/2021\/04\/coronavirus-2-1.jpg\u00bb use_bg_overlay=\u00bboff\u00bb use_text_overlay=\u00bboff\u00bb _builder_version=\u00bb4.3.2&#8243; header_level=\u00bbh2&#8243; header_font_size=\u00bb35px\u00bb background_color=\u00bbrgba(0,0,0,0)\u00bb background_enable_color=\u00bbon\u00bb custom_button=\u00bbon\u00bb button_text_color=\u00bb#FFFFFF\u00bb button_alignment=\u00bbcenter\u00bb text_orientation=\u00bbleft\u00bb background_layout=\u00bblight\u00bb border_width_all_image=\u00bb5px\u00bb border_style_all_image=\u00bbnone\u00bb box_shadow_style_image=\u00bbpreset2&#8243; box_shadow_horizontal_image=\u00bb15px\u00bb box_shadow_vertical_image=\u00bb13px\u00bb box_shadow_blur_image=\u00bb25px\u00bb][\/et_pb_slide][et_pb_slide heading=\u00bbGel hidroalcoh\u00f3lico luminiscente\u00bb button_text=\u00bbLeer m\u00e1s\u00bb button_link=\u00bb#Proyecto7&#8243; image=\u00bbhttps:\/\/ntc-avi.com\/wp-content\/uploads\/2024\/10\/0__Proyecto-del-gel-hidroalcoholico-luminiscente.png\u00bb _builder_version=\u00bb4.3.2&#8243; header_text_color=\u00bb#000000&#8243; header_font_size=\u00bb35px\u00bb background_color=\u00bbrgba(0,0,0,0)\u00bb background_enable_color=\u00bbon\u00bb][\/et_pb_slide][et_pb_slide heading=\u00bbDesarrollo de biosensores fot\u00f3nicos para detecci\u00f3n m\u00faltiple de virus respiratorios en humanos\u00bb button_text=\u00bbLeer m\u00e1s\u00bb button_link=\u00bb#Proyecto8&#8243; image=\u00bbhttps:\/\/ntc-avi.com\/wp-content\/uploads\/2024\/10\/1_Desarrollo-de-biosensores-fotonicos-para-deteccion-multiple-de-virus-respiratorios-en-humanos.png\u00bb _builder_version=\u00bb4.3.2&#8243; header_text_color=\u00bb#000000&#8243; header_font_size=\u00bb35px\u00bb background_color=\u00bbrgba(0,0,0,0)\u00bb background_enable_color=\u00bbon\u00bb][\/et_pb_slide][et_pb_slide heading=\u00bbRecuperaci\u00f3n de bater\u00edas de Litio de veh\u00edculos ligeros para la fabricaci\u00f3n de bater\u00edas estacionarias de Segunda Vida\u00bb button_text=\u00bbLeer m\u00e1s\u00bb button_link=\u00bb#Proyecto9&#8243; image=\u00bbhttps:\/\/ntc-avi.com\/wp-content\/uploads\/2024\/10\/2_Recuperacion-de-baterias-de-Litio-de-vehiculos-ligeros-para-la-fabricacion-de-baterias-estacionarias-de-Segunda-Vida.jpg\u00bb _builder_version=\u00bb4.3.2&#8243; header_text_color=\u00bb#000000&#8243; header_font_size=\u00bb35px\u00bb background_color=\u00bbrgba(0,0,0,0)\u00bb background_enable_color=\u00bbon\u00bb][\/et_pb_slide][et_pb_slide heading=\u00bbMonitorizaci\u00f3n de la rotura de la cadena del frio en productos congelados mediante sensado de THz\u00bb button_text=\u00bbLeer m\u00e1s\u00bb button_link=\u00bb#Proyecto10&#8243; image=\u00bbhttps:\/\/ntc-avi.com\/wp-content\/uploads\/2024\/10\/3_Monitorizacion.jpg\u00bb _builder_version=\u00bb4.3.2&#8243; header_text_color=\u00bb#000000&#8243; header_font_size=\u00bb35px\u00bb background_color=\u00bbrgba(0,0,0,0)\u00bb background_enable_color=\u00bbon\u00bb][\/et_pb_slide][et_pb_slide heading=\u00bbClasificaci\u00f3n de pl\u00e1sticos mediante sensado de THz para aplicaciones de reciclaje\u00bb button_text=\u00bbLeer m\u00e1s\u00bb button_link=\u00bb#Proyecto11&#8243; image=\u00bbhttps:\/\/ntc-avi.com\/wp-content\/uploads\/2026\/01\/escamas.png\u00bb _builder_version=\u00bb4.3.2&#8243; header_text_align=\u00bbjustify\u00bb header_text_color=\u00bb#000000&#8243; header_font_size=\u00bb30px\u00bb background_color=\u00bbrgba(0,0,0,0)\u00bb background_enable_color=\u00bbon\u00bb hover_enabled=\u00bb0&#8243;][\/et_pb_slide][et_pb_slide heading=\u00bbDetecci\u00f3n de c\u00e1ncer de mama mediante sensores fot\u00f3nicos\u00bb button_text=\u00bbLeer m\u00e1s\u00bb button_link=\u00bb#Proyecto12&#8243; image=\u00bbhttps:\/\/ntc-avi.com\/wp-content\/uploads\/2026\/01\/Imagen1.jpg\u00bb _builder_version=\u00bb4.3.2&#8243; header_text_color=\u00bb#000000&#8243; background_color=\u00bbrgba(0,0,0,0)\u00bb background_enable_color=\u00bbon\u00bb][\/et_pb_slide][\/et_pb_slider][\/et_pb_column][\/et_pb_row][\/et_pb_section][et_pb_section fb_built=\u00bb1&#8243; admin_label=\u00bbSection\u00bb module_id=\u00bbDifusi\u00f3n\u00bb _builder_version=\u00bb4.3.2&#8243; da_popup_slug=\u00bbDifusi-n\u00bb da_disable_devices=\u00bboff|off|off\u00bb da_is_popup=\u00bboff\u00bb da_exit_intent=\u00bboff\u00bb da_has_close=\u00bbon\u00bb da_alt_close=\u00bboff\u00bb da_dark_close=\u00bboff\u00bb da_not_modal=\u00bbon\u00bb da_is_singular=\u00bboff\u00bb da_with_loader=\u00bboff\u00bb da_has_shadow=\u00bbon\u00bb][et_pb_row column_structure=\u00bb1_2,1_2&#8243; admin_label=\u00bbGetting Paid\u00bb _builder_version=\u00bb3.25&#8243; custom_margin=\u00bb|||\u00bb custom_padding=\u00bb||5px|||\u00bb locked=\u00bboff\u00bb][et_pb_column type=\u00bb1_2&#8243; _builder_version=\u00bb3.25&#8243; custom_padding=\u00bb|||\u00bb custom_padding__hover=\u00bb|||\u00bb][et_pb_text _builder_version=\u00bb4.3.2&#8243; text_font=\u00bbPT Sans|700|||||||\u00bb text_text_color=\u00bb#E09900&#8243; text_font_size=\u00bb55px\u00bb text_letter_spacing=\u00bb5px\u00bb header_font=\u00bb||||||||\u00bb]<\/p>\n<p><span style=\"font-size: xx-large;\">DIFUSI\u00d3N<\/span><\/p>\n<p>[\/et_pb_text][\/et_pb_column][et_pb_column type=\u00bb1_2&#8243; _builder_version=\u00bb3.25&#8243; custom_padding=\u00bb|||\u00bb custom_padding__hover=\u00bb|||\u00bb][\/et_pb_column][\/et_pb_row][et_pb_row _builder_version=\u00bb4.3.2&#8243;][et_pb_column type=\u00bb4_4&#8243; _builder_version=\u00bb4.3.2&#8243;][et_pb_accordion open_toggle_text_color=\u00bb#ba6300&#8243; open_toggle_background_color=\u00bbrgba(224,153,0,0.39)\u00bb closed_toggle_text_color=\u00bb#E09900&#8243; closed_toggle_background_color=\u00bbrgba(224,153,0,0.16)\u00bb icon_color=\u00bb#E09900&#8243; _builder_version=\u00bb4.3.2&#8243; toggle_level=\u00bbh3&#8243; toggle_font=\u00bb|||on|||||\u00bb box_shadow_style=\u00bbpreset1&#8243; box_shadow_horizontal=\u00bb1px\u00bb][et_pb_accordion_item title=\u00bbNoticias\u00bb open=\u00bbon\u00bb _builder_version=\u00bb4.3.2&#8243;]<\/p>\n<p>\n<script src=\"https:\/\/static.elfsight.com\/platform\/platform.js\" async=\"\"><\/script>\n<\/p>\n<div class=\"elfsight-app-470c686a-e9de-4381-bda9-6c62c0728567\" data-elfsight-app-lazy=\"\"><\/div>\n<p><a href=\"https:\/\/ntc-avi.com\/wp-content\/uploads\/2020\/02\/FIBRA-\u00d3PTICA-NTC.pdf\" rel=\"attachment wp-att-69 noopener noreferrer\" target=\"_blank\"><\/a><\/p>\n<p>[\/et_pb_accordion_item][et_pb_accordion_item title=\u00bbV\u00eddeos\u00bb _builder_version=\u00bb4.3.2&#8243; open=\u00bboff\u00bb]<\/p>\n<p>Enlace a la grabaci\u00f3n del v\u00eddeo del webinar \u00abSensores fot\u00f3nicos para detecci\u00f3n de al\u00e9rgenos y pat\u00f3genos:<br \/><a href=\"https:\/\/www.youtube.com\/watch?v=aRvI0V92gsI&amp;feature=youtu.be&amp;ab_channel=AymingSpain\">https:\/\/www.youtube.com\/watch?v=aRvI0V92gsI&amp;feature=youtu.be&amp;ab_channel=AymingSpain<\/a><\/p>\n<p><img loading=\"lazy\" src=\"https:\/\/ntc-avi.com\/wp-content\/uploads\/2021\/04\/Webinar_fotosensores-300x158.png\" alt=\"\" class=\"wp-image-152 alignnone size-medium\" width=\"300\" height=\"158\" \/><\/p>\n<p>[\/et_pb_accordion_item][\/et_pb_accordion][\/et_pb_column][\/et_pb_row][\/et_pb_section][et_pb_section fb_built=\u00bb1&#8243; admin_label=\u00bbSection\u00bb module_id=\u00bbContacto\u00bb _builder_version=\u00bb4.3.2&#8243; da_popup_slug=\u00bbContacto\u00bb da_disable_devices=\u00bboff|off|off\u00bb da_is_popup=\u00bboff\u00bb da_exit_intent=\u00bboff\u00bb da_has_close=\u00bbon\u00bb da_alt_close=\u00bboff\u00bb da_dark_close=\u00bboff\u00bb da_not_modal=\u00bbon\u00bb da_is_singular=\u00bboff\u00bb da_with_loader=\u00bboff\u00bb da_has_shadow=\u00bbon\u00bb][et_pb_row column_structure=\u00bb1_2,1_2&#8243; admin_label=\u00bbGetting Paid\u00bb _builder_version=\u00bb3.25&#8243; custom_margin=\u00bb|||\u00bb custom_padding=\u00bb||5px|||\u00bb locked=\u00bboff\u00bb][et_pb_column type=\u00bb1_2&#8243; _builder_version=\u00bb3.25&#8243; custom_padding=\u00bb|||\u00bb custom_padding__hover=\u00bb|||\u00bb][et_pb_text _builder_version=\u00bb4.3.2&#8243; text_font=\u00bbPT Sans|700|||||||\u00bb text_text_color=\u00bb#E09900&#8243; text_font_size=\u00bb55px\u00bb text_letter_spacing=\u00bb5px\u00bb header_font=\u00bb||||||||\u00bb]<\/p>\n<p><span style=\"font-size: xx-large;\">CONTACTO<\/span><\/p>\n<p>[\/et_pb_text][\/et_pb_column][et_pb_column type=\u00bb1_2&#8243; _builder_version=\u00bb3.25&#8243; custom_padding=\u00bb|||\u00bb custom_padding__hover=\u00bb|||\u00bb][\/et_pb_column][\/et_pb_row][et_pb_row _builder_version=\u00bb4.3.2&#8243; custom_padding=\u00bb62px|||||\u00bb][et_pb_column type=\u00bb4_4&#8243; _builder_version=\u00bb4.3.2&#8243;][et_pb_text _builder_version=\u00bb4.3.2&#8243;]<\/p>\n<h2 style=\"text-align: center;\"><strong>Centro de Tecnolog\u00eda Nanofot\u00f3nica<\/strong><\/h2>\n<h2 style=\"text-align: center;\">Cmno de Vera s\/n<\/h2>\n<h2 style=\"text-align: center;\">46022 Valencia<\/h2>\n<h2 style=\"text-align: center;\"><\/h2>\n<h2 style=\"text-align: center;\"><a href=\"http:\/\/www.ntc.upv.es\" target=\"_blank\" rel=\"noopener noreferrer\">www.ntc.upv.es<\/a><\/h2>\n<p>[\/et_pb_text][\/et_pb_column][\/et_pb_row][\/et_pb_section][et_pb_section fb_built=\u00bb1&#8243; admin_label=\u00bbPopup &#8211; #ucie\u00bb module_id=\u00bbucie\u00bb module_class=\u00bbpopup\u00bb _builder_version=\u00bb4.3.2&#8243; da_is_popup=\u00bbon\u00bb da_popup_slug=\u00bbucie\u00bb da_disable_devices=\u00bboff|off|off\u00bb da_exit_intent=\u00bboff\u00bb da_has_close=\u00bbon\u00bb da_alt_close=\u00bboff\u00bb da_dark_close=\u00bboff\u00bb da_not_modal=\u00bbon\u00bb da_is_singular=\u00bboff\u00bb da_with_loader=\u00bboff\u00bb da_has_shadow=\u00bbon\u00bb][et_pb_row _builder_version=\u00bb4.3.2&#8243;][et_pb_column type=\u00bb4_4&#8243; _builder_version=\u00bb4.3.2&#8243;][et_pb_text _builder_version=\u00bb4.3.2&#8243; custom_padding=\u00bb0px|||||\u00bb]<\/p>\n<p style=\"text-align: center;\"><span style=\"font-size: 32px;\"><b><\/b><\/span><\/p>\n<p style=\"text-align: center;\"><span style=\"font-size: 32px;\"><b>Expansi\u00f3n y consolidaci\u00f3n de la UCIE<\/b><\/span><\/p>\n<p style=\"text-align: justify;\"><img loading=\"lazy\" src=\"https:\/\/ntc-avi.com\/wp-content\/uploads\/2024\/11\/UCIE-Logo.png\" alt=\"\" class=\"wp-image-150 alignnone size-medium\" width=\"900\" height=\"169\" style=\"margin-left: 10%;\" \/><\/p>\n<p><strong>Descripci\u00f3n, Objetivos y Resultados del Proyecto de la UCIE del Instituto NTC<\/strong><\/p>\n<p style=\"text-align: justify;\">\n<p style=\"text-align: justify;\">\n<ol style=\"text-align: justify;\">\n<li><strong> Breve Descripci\u00f3n del Proyecto<\/strong><\/li>\n<\/ol>\n<p style=\"text-align: justify;\">El proyecto busca <strong>expandir y consolidar la Unidad Cient\u00edfica de Innovaci\u00f3n Empresarial (UCIE)<\/strong> del Instituto de Tecnolog\u00eda Nanofot\u00f3nica (NTC) de la Universitat Polit\u00e8cnica de Val\u00e8ncia. La UCIE, creada en 2018 gracias a la financiaci\u00f3n de la Agencia Valenciana de la Innovaci\u00f3n (AVI), tiene como objetivo principal la <strong>transferencia de tecnolog\u00eda fot\u00f3nica a las empresas<\/strong>, fomentando la innovaci\u00f3n y la competitividad en sectores clave.<\/p>\n<p style=\"text-align: justify;\">El proyecto se centra en la <strong>valorizaci\u00f3n de resultados de la investigaci\u00f3n<\/strong> llevada a cabo en el NTC, convirtiendo el conocimiento cient\u00edfico en <strong>innovaciones tangibles<\/strong> que puedan ser explotadas por las empresas, especialmente las de la Comunidad Valenciana.<\/p>\n<p style=\"text-align: justify;\"><strong>Es importante destacar que este proyecto cuenta con financiaci\u00f3n de la Uni\u00f3n Europea a trav\u00e9s de los fondos FEDER.<\/strong> Estos fondos han permitido al NTC renovar y ampliar su sala blanca, una Instalaci\u00f3n Cient\u00edfica y Tecnol\u00f3gica Singular (ICTS), posicion\u00e1ndola a la vanguardia europea en micro y nanofabricaci\u00f3n en tecnolog\u00eda fot\u00f3nica.<\/p>\n<ol start=\"2\" style=\"text-align: justify;\">\n<li><strong> Objetivos del Proyecto<\/strong><\/li>\n<\/ol>\n<p style=\"text-align: justify;\">Los objetivos estrat\u00e9gicos de la UCIE del Instituto NTC son:<\/p>\n<ul style=\"text-align: justify;\">\n<li><strong>Aplicar las tecnolog\u00edas especializadas en fot\u00f3nica desarrolladas por el Instituto NTC<\/strong>.<\/li>\n<li><strong>Promover la innovaci\u00f3n y generaci\u00f3n de propiedad intelectual en tecnolog\u00edas del Instituto NTC<\/strong>.<\/li>\n<li><strong>Facilitar la transferencia de tecnolog\u00edas fot\u00f3nicas desarrolladas gracias a la UCIE<\/strong>.<\/li>\n<li><strong>Establecer y fortalecer relaciones con las empresas del entorno para conocer sus necesidades<\/strong>.<\/li>\n<li><strong>Realizar la difusi\u00f3n de los resultados obtenidos en los proyectos de innovaci\u00f3n desarrollados<\/strong>.<\/li>\n<li><strong>Medir y evaluar el impacto de las actividades de transferencia<\/strong>.<\/li>\n<\/ul>\n<ol start=\"3\" style=\"text-align: justify;\">\n<li><strong> Resultados Previstos<\/strong><\/li>\n<\/ol>\n<p style=\"text-align: justify;\">El proyecto se desarrollar\u00e1 en <strong>tres l\u00edneas principales de innovaci\u00f3n<\/strong>:<\/p>\n<ul style=\"text-align: justify;\">\n<li><strong>Diagn\u00f3stico de enfermedades mediante tecnolog\u00eda fot\u00f3nica:<\/strong> Se busca desarrollar biosensores fot\u00f3nicos para la detecci\u00f3n r\u00e1pida, segura y econ\u00f3mica de enfermedades como el c\u00e1ncer de mama, en colaboraci\u00f3n con la Fundaci\u00f3n para el Fomento de la Investigaci\u00f3n Sanitaria y Biom\u00e9dica de la Comunitat Valenciana (FISABIO).<\/li>\n<li><strong>Optimizaci\u00f3n del ciclo de vida de las bater\u00edas:<\/strong> Se pretende completar el desarrollo de un sistema autom\u00e1tico para la recuperaci\u00f3n de celdas \u00fatiles de bater\u00edas usadas y crear un sistema de generaci\u00f3n de bater\u00edas de segunda vida con montaje automatizado para las empresas.<\/li>\n<li><strong>Valorizaci\u00f3n de residuos mediante tecnolog\u00eda de THz:<\/strong> Se trabajar\u00e1 en el desarrollo de tecnolog\u00edas de THz para la separaci\u00f3n y clasificaci\u00f3n de envases para su posterior tratamiento, en colaboraci\u00f3n con el instituto tecnol\u00f3gico AIMPLAS.<\/li>\n<\/ul>\n<p style=\"text-align: justify;\">Adem\u00e1s de estas l\u00edneas de innovaci\u00f3n, se llevar\u00e1n a cabo acciones de <strong>difusi\u00f3n y transferencia a las empresas<\/strong>, incluyendo:<\/p>\n<ul style=\"text-align: justify;\">\n<li>Presentaci\u00f3n de propuestas a convocatorias p\u00fablicas.<\/li>\n<li>Acciones de difusi\u00f3n general a empresas.<\/li>\n<li>Entrevistas a empresas concretas para ofrecer la tecnolog\u00eda desarrollada y\/o la realizaci\u00f3n de proyectos colaborativos.<\/li>\n<li>Colaboraciones con empresas para la aportaci\u00f3n de conocimiento a sus proyectos.<\/li>\n<li>Acciones de transferencia o licencia de resultados a empresas.<\/li>\n<li>Impulso a la creaci\u00f3n de nuevas empresas de base tecnol\u00f3gica, particularmente en el sector del reciclaje de bater\u00edas.<\/li>\n<\/ul>\n<p style=\"text-align: justify;\">Se espera que la ejecuci\u00f3n del proyecto permita:<\/p>\n<ul style=\"text-align: justify;\">\n<li><strong>Consolidar la UCIE del Instituto NTC<\/strong>, dot\u00e1ndola de m\u00e1s recursos materiales, una estructura organizativa s\u00f3lida y mecanismos eficientes de transferencia de resultados.<\/li>\n<li><strong>Generar innovaciones de alto valor<\/strong> que puedan ser transferidas a las empresas, aumentando su competitividad, especialmente en sectores con alto impacto social como la salud y el medio ambiente.<\/li>\n<li><strong>Fortalecer la colaboraci\u00f3n entre el NTC y las empresas<\/strong>, creando un ecosistema de innovaci\u00f3n din\u00e1mico y productivo en la Comunidad Valenciana<\/li>\n<\/ul>\n<p>&nbsp;<\/p>\n<p><strong style=\"font-size: 14px;\">Funding Entity:\u00a0<\/strong><span style=\"font-size: 14px;\">Insitutut Valenci\u00e0 de Competitivitat e Innovaci\u00f3 (IVACE+i)<\/span><\/p>\n<p><strong style=\"font-size: 14px;\">Call: <\/strong><span style=\"font-size: 14px;\">Potenciaci\u00f3n de Unidades Cient\u00edficas de desarrollo de tecnolog\u00edas y difusi\u00f3n del conocimiento hacia la Empresa (UCIE)<\/span><\/p>\n<p><strong>Project ID: <\/strong>INNVA2\/2024\/14<\/p>\n<p><strong>PI at NTC: <\/strong>Roberto Llorente S\u00e1ez<\/p>\n<p><strong>From: <\/strong>10\/01\/2024<\/p>\n<p><strong>To: <\/strong>12\/31\/2026<\/p>\n<p><strong>Contribution to NTC<\/strong>: 449.779,50 \u20ac<\/p>\n<p><strong>Web: <\/strong><a href=\"https:\/\/ntc-avi.com\/\"><\/a><a href=\"https:\/\/ntc-avi.com\/\">https:\/\/ntc-avi.com\/<\/a><\/p>\n<p><strong>Research Group<\/strong>: Optical Networks and Photonic Systems<\/p>\n<p style=\"text-align: justify;\">\n<p>[\/et_pb_text][\/et_pb_column][\/et_pb_row][\/et_pb_section][et_pb_section fb_built=\u00bb1&#8243; admin_label=\u00bbPopup &#8211; #Proyecto1&#8243; module_id=\u00bbProyecto1&#8243; module_class=\u00bbpopup\u00bb _builder_version=\u00bb4.3.2&#8243; da_is_popup=\u00bbon\u00bb da_popup_slug=\u00bbProyecto1&#8243; da_disable_devices=\u00bboff|off|off\u00bb locked=\u00bboff\u00bb da_exit_intent=\u00bboff\u00bb da_has_close=\u00bbon\u00bb da_alt_close=\u00bboff\u00bb da_dark_close=\u00bboff\u00bb da_not_modal=\u00bbon\u00bb da_is_singular=\u00bboff\u00bb da_with_loader=\u00bboff\u00bb da_has_shadow=\u00bbon\u00bb][et_pb_row _builder_version=\u00bb4.3.2&#8243;][et_pb_column type=\u00bb4_4&#8243; _builder_version=\u00bb4.3.2&#8243;][et_pb_text _builder_version=\u00bb4.3.2&#8243;]<\/p>\n<p style=\"text-align: center;\"><span style=\"font-size: xx-large;\"><strong>Detecci\u00f3n de Escherichia coli en alimentos<\/strong><\/span><\/p>\n<p style=\"text-align: left;\"><span style=\"font-size: large;\"><strong><\/strong><\/span><\/p>\n<p style=\"text-align: left;\"><span style=\"font-size: large;\"><strong>Resumen ejecutivo.<\/strong><\/span><br \/> El Sistema Valenciano de Ciencia y Tecnolog\u00eda cuenta con los agentes clave necesarios en una sociedad desarrollada como la nuestra, sin embargo, pese a contar con una producci\u00f3n cient\u00edfica de primer nivel y unos institutos y grupos de investigaci\u00f3n l\u00edderes en sus \u00e1reas de conocimiento, no se produce la transferencia de este conocimiento a las empresas de la forma que ser\u00eda de esperar.<\/p>\n<p style=\"text-align: justify;\">Otros agentes del Sistema tales como institutos tecnol\u00f3gicos, asociaciones sectoriales y empresariales, administraciones, no consiguen que todos los agentes implicados act\u00faen e interacciones de la forma que ser\u00eda necesaria.<\/p>\n<p style=\"text-align: justify;\">La creaci\u00f3n de la Agencia Valenciana de la Innovaci\u00f3n (AVI) viene a suplir esta carencia de nuestro sistema mediante diferentes actuaciones, cuyo objetivo es conseguir que todas estas entidades se pongan en marcha, se interrelacionen y constituyan un verdadero sistema: un conjunto de elementos<br \/> o partes coordinadas que responden a una ley, o que, ordenadamente relacionadas entre s\u00ed, contribuyen a determinado objeto o funci\u00f3n, que no es otra que fomento de la innovaci\u00f3n y el aumento de la competitividad en las empresas de la Comunidad Valenciana.<\/p>\n<p style=\"text-align: justify;\">En el caso que nos ocupa, la creaci\u00f3n de Unidades Cient\u00edficas de Innovaci\u00f3n Empresarial (UCIE) en los institutos de investigaci\u00f3n m\u00e1s relevantes de la Comunitat Valencia, tiene como objetivo que estos centros de excelencia tengan asociadas unas unidades especializadas en la valorizaci\u00f3n y transferencia de los resultados de la investigaci\u00f3n que en ellos se lleva a cabo.<\/p>\n<p style=\"text-align: justify;\">As\u00ed pues, el objetivo principal del proyecto es la creaci\u00f3n y puesta en marcha de la Unidad Cient\u00edfica de Innovaci\u00f3n Empresarial (UCIE) del Instituto de Tecnolog\u00eda Nanofot\u00f3nica (NTC) de la UPV. La\u00a0creaci\u00f3n de esta unidad se fundamenta en la extraordinarias capacidades con las que cuenta del instituto NTC para la creaci\u00f3n y el desarrollo de nuevos productos, servicios y tecnolog\u00edas para su posterior transferencia al tejido empresarial.<\/p>\n<p style=\"text-align: justify;\">La visi\u00f3n del NTC apunta a la excelencia en tres \u00e1reas: la ciencia, la tecnolog\u00eda y la transferencia y valorizaci\u00f3n de estas tecnolog\u00edas para su explotaci\u00f3n por parte de las empresas. Desde su inicio, el Instituto NTC ha establecido fuertes relaciones con el entorno socioecon\u00f3mico a escala local, nacional e internacional, lo que le permiten estar en condiciones de acometer este reto fundamental.<\/p>\n<p style=\"text-align: justify;\">Hasta la fecha, la transferencia de este instituto se ha realizado mediante la contrataci\u00f3n directa con empresas o la creaci\u00f3n de empresas de base tecnol\u00f3gica. Un buen ejemplo es la empresa spin-off DAS Photonics, primera spin off de la UPV y un \u00e9xito tanto empresarial como en reconocimiento\u00a0 internacional. La creaci\u00f3n de la UCIE del Instituto NTC permitir\u00e1 el desarrollo de tecnolog\u00edas que de otro modo se quedar\u00edan \u00fanicamente como resultados de proyectos de investigaci\u00f3n o capacidades no explotadas suficientemente.<\/p>\n<p style=\"text-align: justify;\">Durante los meses transcurridos entre la firma del convenio de colaboraci\u00f3n entre la AVI y la UPV, en octubre de 2018, el proyecto de creaci\u00f3n de la UCIE del Instituto NTC es toda una realidad. Se ha procedido a la asignaci\u00f3n y adecuaci\u00f3n de espacios para el personal contratado con cargo al proyecto, la dotaci\u00f3n de laboratorios y la contrataci\u00f3n y asignaci\u00f3n al proyecto del personal necesario para la puesta en marcha de las actividades previstas en la memoria t\u00e9cnica del proyecto, que se expondr\u00e1n en apartados posteriores de esta memoria.<\/p>\n<p style=\"text-align: justify;\">En la anualidad 2018, se han puesto en marcha, seg\u00fan lo previsto, tres sub proyectos de desarrollo tecnol\u00f3gico y valorizaci\u00f3n de tecnolog\u00edas disponibles en el Instituto NTC. Debido al retraso en el inicio de los trabajos, el grado de maduraci\u00f3n de los tres proyectos ha sido diferente, como se expondr\u00e1 a continuaci\u00f3n, aunque se puede asegurar que, en conjunto, el resultado ha sido muy satisfactorio.<\/p>\n<p style=\"text-align: justify;\">Los tres sub proyectos consist\u00edan en desarrollos conjuntos con otros tantos institutos tecnol\u00f3gicos, en concreto con AINIA (Instituto Tecnol\u00f3gico de la Industria Agroalimentaria), el Instituto de Investigaci\u00f3n Sanitaria INCLIVA y AIMPLAS (Instituto Tecnol\u00f3gico del Pl\u00e1stico). En este \u00faltimo caso, se ha producido una modificaci\u00f3n del programa previsto, ya que se ha considerado beneficioso para el proyecto que la aplicaci\u00f3n de una de las tecnolog\u00edas disponibles en el Instituto NTC se realice para un fin espec\u00edfico no previsto inicialmente.<\/p>\n<p style=\"text-align: justify;\">\n<p style=\"text-align: justify;\"><span style=\"font-size: large;\"><strong>Objeto y finalidad del proyecto.<\/strong><\/span><br \/> Como se ha expuesto en el resumen ejecutivo, el objetivo fundamental del proyecto, la creaci\u00f3n y constituci\u00f3n de la UCIE del Instituto NTC de la UPV se ha realizado con \u00e9xito. Para ello, se ha incorporado como Coordinador de la UCIE al Director del Instituto NTC, catedr\u00e1tico de universidad, D. Javier Mart\u00ed Sendra. Se han incorporado igualmente, en calidad de asesores del proyecto, los catedr\u00e1ticos de universidad D. Roberto Llorente S\u00e1ez y D. Pablo Sanchis Kilders y el profesor titular de universidad D. Jaime Garc\u00eda Rup\u00e9rez.<\/p>\n<p style=\"text-align: justify;\">Para la realizaci\u00f3n de las actividades previstas en el proyecto se ha cedido por parte del Instituto NTC una sala de personal situada en la 2\u00aa planta del Edificio 8F, sede del Instituto en la UPV, un laboratorio de caracterizaci\u00f3n biofot\u00f3nica situado en la 1\u00aa planta del mismo edificio, as\u00ed como una parte del laboratorio de caracterizaci\u00f3n de acceso y redes \u00f3pticas, situado en la misma planta.<\/p>\n<p style=\"text-align: justify;\">Como responsables de proyecto, se ha procedido a la contrataci\u00f3n del Doctor en Ciencias Qu\u00edmicas D. David Ort\u00edz de Z\u00e1rate, para el proyecto en colaboraci\u00f3n con AINIA, al Ingeniero Qu\u00edmico D. Juan Hurtado Monta\u00f1\u00e9s, para el proyecto en colaboraci\u00f3n con INCLIVA y al Doctor Ingeniero Electr\u00f3nico D. Salvador Ponce Alc\u00e1ntara, para el proyecto en colaboraci\u00f3n con AIMPLAS.<\/p>\n<p style=\"text-align: justify;\">Para la ejecuci\u00f3n de las tareas de micro y nano fabricaci\u00f3n se ha asignado al proyecto el personal del Instituto NTC con experiencia en sala blanca, D. Jos\u00e9 Ayucar Ruiz, D. Alfredo Pe\u00f1arrubia Blasco y D. Laurent Belieres y el responsable en programaci\u00f3n y control D. Saturnino Castillo O\u00f1ate. Se ha incorporado al proyecto en colaboraci\u00f3n con el Instituto AIMPLAS a D. Pablo Gonz\u00e1lez Santatecla.<\/p>\n<p style=\"text-align: justify;\">Asimismo se ha incorporado a los proyectos personal necesario para la valorizaci\u00f3n de las tecnolog\u00edas desarrolladas en el proyecto, en concreto al Agente de Innovaci\u00f3n de la UCIE D. Carlos Garc\u00eda Suarez, y a la responsable de IPR D\u00aa Isabel Salas Carmona.<br \/> Una vez firmado el convenio de colaboraci\u00f3n entre la AVI y la UPV, y bajo la direcci\u00f3n del coordinador de la UCIE se han puesto en marcha las actuaciones que est\u00e1n reflejadas en el anexo t\u00e9cnico del citado convenio, donde se exponen las innovaciones a desarrollar, as\u00ed como los costes necesarios para su ejecuci\u00f3n.<\/p>\n<p style=\"text-align: justify;\">Seg\u00fan el citado convenio, \u201clas innovaciones a desarrollar se har\u00e1n con la necesaria colaboraci\u00f3n de, al menos, dos organismos de investigaci\u00f3n o centros tecnol\u00f3gicos que aportar\u00e1n su experiencia en el desarrollo de tecnolog\u00eda, para focalizar mejor las innovaciones a desarrollar, de manera que lleguen con mayor probabilidad al mercado\u201d. En este caso, se ha contado con la colaboraci\u00f3n del Instituto Tecnol\u00f3gico AINIA, el Instituto de Investigaci\u00f3n Sanitaria INCLIVA, y en menor medida al Instituto Tecnol\u00f3gico AIMPLAS. El objetivo de las actuaciones ser\u00e1 convertir el conocimiento en innovaciones aprovechables por las empresas, as\u00ed como el despliegue de las acciones necesarias para su transferencia efectiva.<\/p>\n<p style=\"text-align: justify;\">En los apartados siguientes se informa sobre la nanofabricaci\u00f3n de gu\u00edas de onda de silicio y nitruro de silicio para aplicaciones de detecci\u00f3n y cuantificaci\u00f3n de Escherichia coli en alimentos y la bacteria Acinetobacter, que causa infecciones graves en pacientes hospitalarios inmunodeprimidos.<br \/> Por \u00faltimo, se ha dise\u00f1ado e implementado un sistema de monitorizaci\u00f3n en tiempo real de diferentes par\u00e1metros de calidad del agua para su aplicaci\u00f3n en cuencas fluviales.<\/p>\n<p>[\/et_pb_text][\/et_pb_column][\/et_pb_row][\/et_pb_section][et_pb_section fb_built=\u00bb1&#8243; admin_label=\u00bbPopup &#8211; #Proyecto2&#8243; module_id=\u00bbProyecto2&#8243; module_class=\u00bbpopup\u00bb _builder_version=\u00bb4.3.2&#8243; da_is_popup=\u00bbon\u00bb da_popup_slug=\u00bbProyecto2&#8243; da_disable_devices=\u00bboff|off|off\u00bb da_exit_intent=\u00bboff\u00bb da_has_close=\u00bbon\u00bb da_alt_close=\u00bboff\u00bb da_dark_close=\u00bboff\u00bb da_not_modal=\u00bbon\u00bb da_is_singular=\u00bboff\u00bb da_with_loader=\u00bboff\u00bb da_has_shadow=\u00bbon\u00bb][et_pb_row _builder_version=\u00bb4.3.2&#8243;][et_pb_column type=\u00bb4_4&#8243; _builder_version=\u00bb4.3.2&#8243;][et_pb_text _builder_version=\u00bb4.3.2&#8243;]<\/p>\n<h2 style=\"text-align: center;\"><strong>Detecci\u00f3n de bacteria Acinetobacter en orina<\/strong><\/h2>\n<p style=\"text-align: left;\"><span style=\"font-size: large;\"><strong><\/strong><\/span><\/p>\n<p style=\"text-align: left;\"><span style=\"font-size: large;\"><strong>Resumen ejecutivo.<\/strong><\/span><\/p>\n<p style=\"text-align: justify;\">Los sensores fot\u00f3nicos presentan diversas ventajas en comparaci\u00f3n con otras tecnolog\u00edas, tales como alta sensibilidad, alto nivel de integraci\u00f3n, menor tiempo de obtenci\u00f3n del resultado, detecci\u00f3n sin etiquetas, uso de vol\u00famenes de muestras y reactivos muy bajos y su inmunidad a Interferencias\u00a0 electromagn\u00e9ticas. Adem\u00e1s, la posibilidad de utilizar materiales compatibles con CMOS y procesos de fabricaci\u00f3n en masa para alcanzar vol\u00famenes de producci\u00f3n muy altos, y costos muy bajos, es otro aspecto clave del gran potencial de estos dispositivos en su aplicaci\u00f3n a biomedicina.<\/p>\n<p style=\"text-align: justify;\">Por otra parte, la alta capacidad de integraci\u00f3n de la tecnolog\u00eda fot\u00f3nica permite su utilizaci\u00f3n en un gran n\u00famero de aplicaciones. Como ejemplo, gracias a la selecci\u00f3n y caracterizaci\u00f3n del apt\u00e1mero Ecoli que se se ha realizado en el proyecto de prevenci\u00f3n planteado con AINIA, podr\u00eda aplicarse para t\u00e9cnicas de diagn\u00f3stico en seres humanos. Las infecciones del tracto urinario (UTI \u2013 Urinary tract infection) se encuentra entre las infecciones bacterianas m\u00e1s frecuentes. Aproximadamente el 50% de la poblaci\u00f3n mundial es propensa a la infecci\u00f3n del tracto urinario en alg\u00fan momento de su vida.<\/p>\n<p style=\"text-align: justify;\">Aquellos que sufren UTI de modo recurrente tienen una incidencia de m\u00e1s de tres infecciones por a\u00f1o.<\/p>\n<p style=\"text-align: justify;\">Como norma se define UTI como la presencia de s\u00edntomas urinarios y una presencia en la orina de 104 ufc\/ml o superior de pat\u00f3genos. La causa m\u00e1s frecuente de UTI es la presencia de E. Coli, seguida de Proteus mirabilis, Pseudomonas aeruginosa, Klebisella pneumoniae y Enterococcus.<\/p>\n<p style=\"text-align: justify;\">Cada a\u00f1o un 10% de las mujeres del mundo contraen UTI, y al menos el 60% lo har\u00e1 alguna vez en su vida. La recurrencia es frecuente con al menos la mitad de las pacientes recayendo en el a\u00f1o siguiente. La UTI es la causa de la prescripci\u00f3n del 15% de los antibi\u00f3ticos totales, aunque entre el 34 % y el 60% de los pacientes prescritos no tienen una UTI probada microbiol\u00f3gicamente.<\/p>\n<p style=\"text-align: justify;\">El diagn\u00f3stico convencional, y m\u00e1s extendido, de UTI basado en cultivos tiene un tiempo de resultados de dos a tres d\u00edas, con lo que los facultativos tienen que comenzar el tratamiento con antibi\u00f3ticos de amplio espectro, lo que est\u00e1 llevando a la aparici\u00f3n de pat\u00f3genos resistentes. Es \u00e9ste un problema de salud de primer orden mundial, ya que la propia Organizaci\u00f3n Mundial de la Salud ha lanzado en Mayo de 2015 un Plan Acci\u00f3n Global frente a la Resistencia Antimicrobiana, uno de cuyos pilares es la necesidad de desarrollar nuevos kits de diagn\u00f3stico r\u00e1pidos y eficaces que ofrezcan informaci\u00f3n al m\u00e9dico valiosa para decidir qu\u00e9 antibi\u00f3tico es m\u00e1s apropiado. La aplicaci\u00f3n de sistemas de\u00a0 dentificaci\u00f3n y cuantificaci\u00f3n PoC mediante biosensores permitir\u00e1 superar la situaci\u00f3n actual y contribuir a la menor proliferaci\u00f3n de resistencias antimicrobianas.<\/p>\n<p style=\"text-align: justify;\">En conversaciones con el Instituto de Investigaci\u00f3n Sanitaria INCLIVA, y a la vista del estado avanzado de los resultados obtenidos con el Instituto AINIA, se ha considerado m\u00e1s beneficioso para el proyecto, pese al esfuerzo adicional que supone el no aprovechar parte de los resultados ya obtenidos con la bacteria E.coli, el sensado de otra bacteria resistente a los antibi\u00f3ticos que tenga un valor cl\u00ednico importante.<\/p>\n<p style=\"text-align: justify;\">Con esta idea se ha decidido conjuntamente abordar la detecci\u00f3n de la bacteria Acinotobacter en orina de pacientes. Las acinetobacterias son bacilos aerobios gramnegativos o cocobacilos son omnipresentes y pueden sobrevivir en superficies secas hasta por un mes y generalmente se llevan en la piel de los profesionales de la salud, lo que aumenta la probabilidad de que los pacientes sean colonizados y el equipo m\u00e9dico est\u00e9 contaminado. Hay muchas especies de Acinetobacter; todos pueden causar enfermedades humanas, pero A. baumannii (AB) representa aproximadamente el 80% de las infecciones.<br \/>Las infecciones AB generalmente ocurren en pacientes cr\u00edticamente enfermos y hospitalizados. Las infecciones adquiridas en la comunidad (principalmente neumon\u00eda) son m\u00e1s comunes en climas tropicales. Las tasas de letalidad asociadas con la infecci\u00f3n AB son del 19 al 54%.<br \/>Recientemente, ha surgido la AB multirresistente (MDR), particularmente en UCI en pacientes inmunodeprimidos, pacientes con trastornos subyacentes graves y pacientes tratados con antibi\u00f3ticos de amplio espectro despu\u00e9s de un procedimiento invasivo. La propagaci\u00f3n en las UCI se ha atribuido a los profesionales sanitarios colonizados, a los equipos comunes contaminados ya las soluciones nutricionales parenterales contaminadas. Adem\u00e1s, el n\u00famero de infecciones AB resistentes a m\u00faltiples f\u00e1rmacos ha aumentado en los miembros del servicio que resultaron heridos y tratados en Oriente Medio dado que existen anticuerpos comerciales de la citada bacteria, se ha seguido un proceso similar al realizado para la detecci\u00f3n de la bacteria E.coli en el apartado anterior. En este caso, las tareas de micro y nano fabricaci\u00f3n por parte del personal de la UCIE han consistido en el desarrollo de los procesos que se detallan a continuaci\u00f3n.<br \/>B\u00e1sicamente las estructuras fot\u00f3nicas a emplear consisten en filtros \u00f3pticos, es decir se requieren de estructuras \u00f3pticas que presenten resonancias, picos, cuya posici\u00f3n se pueda sintonizar y monitorizar dependiendo del comportamiento de la sustancia a detectar, m\u00e1s concretamente dependiendo de la interacci\u00f3n de la sustancia a detectar con el material sensible.<br \/>Cada aplicaci\u00f3n, es decir cada sustancia a detectar como es el caso de la bacteria Acinetobacter, va a requerir de un estudio previo que nos permita fijar que estructura fot\u00f3nica resonante y que material es el m\u00e1s adecuado para su detecci\u00f3n, pero de antemano, y por la experiencia que posee el grupo, podemos anticipar algunas de las estructuras \u00f3pticas resonantes t\u00edpicas empleadas t\u00edpicamente en tareas de sensado. Se trata de anillos\/discos resonantes y cavidades resonantes Fabry-Perot.<\/p>\n<p>[\/et_pb_text][\/et_pb_column][\/et_pb_row][\/et_pb_section][et_pb_section fb_built=\u00bb1&#8243; admin_label=\u00bbPopup &#8211; #Proyecto3&#8243; module_id=\u00bbProyecto3&#8243; module_class=\u00bbpopup\u00bb _builder_version=\u00bb4.3.2&#8243; da_is_popup=\u00bbon\u00bb da_popup_slug=\u00bbProyecto3&#8243; da_disable_devices=\u00bboff|off|off\u00bb da_exit_intent=\u00bboff\u00bb da_has_close=\u00bbon\u00bb da_alt_close=\u00bboff\u00bb da_dark_close=\u00bboff\u00bb da_not_modal=\u00bbon\u00bb da_is_singular=\u00bboff\u00bb da_with_loader=\u00bboff\u00bb da_has_shadow=\u00bbon\u00bb][et_pb_row _builder_version=\u00bb4.3.2&#8243;][et_pb_column type=\u00bb4_4&#8243; _builder_version=\u00bb4.3.2&#8243;][et_pb_text _builder_version=\u00bb4.3.2&#8243;]<\/p>\n<h2 style=\"text-align: center;\"><strong>\u00a0Demostraci\u00f3n funcional de un sistema de monitorizaci\u00f3n de calidad de aguas basado en una red\u00a0<\/strong><strong>subacuatica de fibra \u00f3ptica<\/strong><\/h2>\n<p style=\"text-align: left;\"><span style=\"font-size: large;\"><strong><\/strong><\/span><\/p>\n<p style=\"text-align: justify;\"><span style=\"font-size: large;\"><strong>Resumen ejecutivo.<\/strong><\/span><\/p>\n<p style=\"text-align: justify;\">Las redes de distribuci\u00f3n de agua, as\u00ed como los ecosistemas fluviales y mar\u00edtimos cercanos a la costa pueden estar expuestos a una contaminaci\u00f3n involuntaria que podr\u00eda causar alteraciones en la calidad del agua. Tal evento podr\u00eda amenazar la salud humana en el caso de utilizar el agua para el\u00a0 abastecimiento potable, y\u00a0 tambi\u00e9n podr\u00eda amenazar la estabilidad de los ecosistemas acu\u00e1ticos. Las empresas de gesti\u00f3n del agua potable para consumo humano utilizan sistemas para el control de la calidad del agua. Sin embargo, en los entornos fluviales y mar\u00edtimos los m\u00e9todos convencionales utilizados dependen de an\u00e1lisis en laboratorio que pueden tardar varios d\u00edas. Para evitar una degradaci\u00f3n temprana de la calidad del agua, se requiere la monitorizaci\u00f3n de los par\u00e1metros principales en tiempo real.<\/p>\n<p style=\"text-align: justify;\">La presente innovaci\u00f3n describe un sistema de monitorizaci\u00f3n continua del nivel de contaminaci\u00f3n del agua de un r\u00edo, mediante el despliegue de una red de sensores interconectados entre ellos mediante un cable de fibra \u00f3ptica especialmente dise\u00f1ado para ser tendido en el lecho fluvial con las caracter\u00edsticas de alta capacidad de transmisi\u00f3n, resistencia a las tracciones mec\u00e1nicas esperables en dicho entorno, y durabilidad.<\/p>\n<p style=\"text-align: justify;\">Este sistema ha sido desarrollado en el Centro de Tecnolog\u00eda Nanofot\u00f3nica de la Universitat Polit\u00e9cnica de Valencia, contando con la asistencia de la empresa valenciana Fibernova S.L. en las tareas de despliegue y gesti\u00f3n de la red. El sistema de monitorizaci\u00f3n desarrollado utiliza sondas para la medida de la calidad del agua en distintas ubicaciones del cauce e incluye los subsistemas necesarios para transmisi\u00f3n de datos por cable de fibra \u00f3ptica sumergible. Los datos son recibidos en una estaci\u00f3n remota ubicada en la orilla del r\u00edo, donde los datos son procesados a fin de obtener mediciones en tiempo real, y generar alarmas de contaminaci\u00f3n en su caso.<\/p>\n<p style=\"text-align: justify;\">La demostraci\u00f3n experimental de esta innovaci\u00f3n se ha realizado in situ en un tramo de la acequia de Pedralba, perteneciente a la Comunidad de Regantes del municipio, cuyas aguas provienen del cauce del r\u00edo T\u00faria. La demostraci\u00f3n ha permitido verificar el correcto funcionamiento de los sistemas desarrolladas y arrojado resultados alentadores para el desarrollo de un sistema de comunicaciones basado en fibra \u00f3ptica tendida en el lecho fluvial que permita monitorizar a largo plazo de los par\u00e1metros de calidad del agua del r\u00edo en un gran n\u00famero de ubicaciones.<\/p>\n<p>[\/et_pb_text][\/et_pb_column][\/et_pb_row][\/et_pb_section][et_pb_section fb_built=\u00bb1&#8243; admin_label=\u00bbPopup &#8211; #Proyecto4&#8243; module_id=\u00bbProyecto4&#8243; module_class=\u00bbpopup\u00bb _builder_version=\u00bb4.3.2&#8243; da_is_popup=\u00bbon\u00bb da_popup_slug=\u00bbProyecto4&#8243; da_disable_devices=\u00bboff|off|off\u00bb da_exit_intent=\u00bboff\u00bb da_has_close=\u00bbon\u00bb da_alt_close=\u00bboff\u00bb da_dark_close=\u00bboff\u00bb da_not_modal=\u00bbon\u00bb da_is_singular=\u00bboff\u00bb da_with_loader=\u00bboff\u00bb da_has_shadow=\u00bbon\u00bb][et_pb_row _builder_version=\u00bb4.3.2&#8243;][et_pb_column type=\u00bb4_4&#8243; _builder_version=\u00bb4.3.2&#8243;][et_pb_text _builder_version=\u00bb4.3.2&#8243;]<\/p>\n<h2 style=\"text-align: center;\">Detecci\u00f3n de enfermedades oculares<\/h2>\n<p style=\"text-align: left;\"><span style=\"font-size: large;\"><strong><\/strong><\/span><\/p>\n<p style=\"text-align: justify;\"><span style=\"font-size: large;\"><strong>Resumen ejecutivo.<\/strong><\/span><\/p>\n<p style=\"text-align: justify;\">Las enfermedades oculares de mayor prevalencia son la principal causa de ceguera a nivel mundial. Adem\u00e1s, la mayor parte de estas enfermedades oculares, que en su curso pueden inducir una p\u00e9rdida progresiva de visi\u00f3n, no tiene cura. El procedimiento diagn\u00f3stico actual se basa de forma casi total en la visita cl\u00ednica y en exploraciones complementarias, lo que conlleva un alto \u00edndice de fallos derivados del factor humano. Por tanto, los pacientes y la sociedad demandan el desarrollo de m\u00e9todos de diagn\u00f3stico m\u00ednimamente invasivos, sencillos y de bajo coste que permitan detectar estas enfermedades oculares en una fase lo m\u00e1s temprana posible, y as\u00ed prevenir la ceguera y la p\u00e9rdida de la calidad de vida de los pacientes afectos. En este contexto, <strong>la oftalmo-biolog\u00eda molecular es un campo de investigaci\u00f3n que est\u00e1 despertando un tremendo inter\u00e9s sociosanitario en la actualidad, ya que puede utilizarse como una plataforma de diagn\u00f3stico futurista que permita dise\u00f1ar nuevas estrategias terap\u00e9uticas en oftalmolog\u00ed<\/strong>a. Se han publicado diversas investigaciones en las que se realiza un an\u00e1lisis de la correlaci\u00f3n entre diferentes componentes de los fluidos\/tejidos oculares (e.g., l\u00e1grima, humor acuoso, humor v\u00edtreo o muestras de tejidos oculares obtenidas en el curso de la cirug\u00eda ocular) y las enfermedades relacionadas, de forma que es posible determinar biomarcadores espec\u00edficos para su diagn\u00f3stico. <strong>El desarrollo de sensores que puedan detectar de forma precisa estos biomarcadores haciendo uso de una m\u00ednima cantidad de estas muestras oculares (o incluso de muestras sangu\u00edneas) <\/strong>es uno de los desaf\u00edos actuales m\u00e1s interesantes en ciencias de la visi\u00f3n.<\/p>\n<p style=\"text-align: justify;\">Conjuntamente con la Unidad Investigaci\u00f3n Oftalmol\u00f3gica \u201cSantiago Grisol\u00eda\u201d (UIO-SG) del Hospital Dr. Peset perteneciente a la fundaci\u00f3n FISABIO, se est\u00e1 trabajando en el desarrollo de un sistema de an\u00e1lisis Lab-on-a-Chip (LOC) basado en tecnolog\u00eda nanofot\u00f3nica que sea capaz de detectar y cuantificar de una forma r\u00e1pida y econ\u00f3mica estos biomarcadores relacionados con enfermedades oculares haciendo uso de muestras de pacientes obtenidas mediante procedimientos m\u00ednimamente invasivos.<\/p>\n<p style=\"text-align: justify;\">El concepto del dispositivo es extrapolable a cualquier tipo de muestra l\u00edquida, por tanto, podr\u00eda optimizarse para detecci\u00f3n en sangre o plasma, fluidos de inter\u00e9s para el diagn\u00f3stico cl\u00ednico, algunos de ellos ya han sido analizados por la UIO-SG.<\/p>\n<p>[\/et_pb_text][\/et_pb_column][\/et_pb_row][\/et_pb_section][et_pb_section fb_built=\u00bb1&#8243; admin_label=\u00bbPopup &#8211; #Proyecto5&#8243; module_id=\u00bbProyecto5&#8243; module_class=\u00bbpopup\u00bb _builder_version=\u00bb4.3.2&#8243; da_is_popup=\u00bbon\u00bb da_popup_slug=\u00bbProyecto5&#8243; da_disable_devices=\u00bboff|off|off\u00bb da_exit_intent=\u00bboff\u00bb da_has_close=\u00bbon\u00bb da_alt_close=\u00bboff\u00bb da_dark_close=\u00bboff\u00bb da_not_modal=\u00bbon\u00bb da_is_singular=\u00bboff\u00bb da_with_loader=\u00bboff\u00bb da_has_shadow=\u00bbon\u00bb][et_pb_row _builder_version=\u00bb4.3.2&#8243;][et_pb_column type=\u00bb4_4&#8243; _builder_version=\u00bb4.3.2&#8243;][et_pb_text _builder_version=\u00bb4.3.2&#8243;]<\/p>\n<h2 style=\"text-align: center;\">Desarrollo de sensores para vigilancia de la calidad del agua<\/h2>\n<p style=\"text-align: left;\"><span style=\"font-size: large;\"><strong><\/strong><\/span><\/p>\n<p style=\"text-align: justify;\"><span style=\"font-size: large;\"><strong>Resumen ejecutivo.<\/strong><\/span><\/p>\n<p style=\"text-align: justify;\">El objetivo concreto de este sub proyecto es el desarrollo de sensores fot\u00f3nicos para el an\u00e1lisis y control de la bacteria E. coli en agua. Para tener una visi\u00f3n m\u00e1s clara de la importancia del proyecto, a continuaci\u00f3n, se exponen datos actualizados sobre el volumen de agua reutilizada en la Uni\u00f3n Europea.<\/p>\n<p style=\"text-align: justify;\">&#8211; <a href=\"https:\/\/ec.europa.eu\/environment\/water\/reuse.htm\" target=\"_blank\" rel=\"noopener noreferrer\">Datos sobre la reutilizaci\u00f3n del agua<\/a> (~ 1 bill\u00f3n de metros c\u00fabicos ~ 2.4% de los efluentes de agua tratada y menos del 0.5% de extracciones anuales de agua dulce de la UE)\u00a0<\/p>\n<p style=\"text-align: justify;\">&#8211; <a href=\"https:\/\/www.iagua.es\/noticias\/locken\/quien-y-que-reutiliza-mas-agua-espana\" target=\"_blank\" rel=\"noopener noreferrer\">Escenario espa\u00f1ol: El 10,4% del agua tratada se reutiliza\u00a0<\/a><\/p>\n<p style=\"text-align: justify;\">&#8211; <a href=\"https:\/\/ec.europa.eu\/environment\/water\/reuse.htm\" target=\"_blank\" rel=\"noopener noreferrer\">Potencial de la UE estimado en 6 mil millones de metros c\u00fabicos<\/a><\/p>\n<p style=\"text-align: justify;\">&#8211; La UE est\u00e1 implementando nuevas regulaciones en la reutilizaci\u00f3n del agua, que incluyen la detecci\u00f3n de la bacteria E. coli<\/p>\n<p style=\"text-align: justify;\">&#8211; Se necesita agua recuperada de alta calidad para garantizar su uso potencial como fuente de agua en las pr\u00e1cticas agr\u00edcolas (es decir, riego con agua reutilizada).<\/p>\n<p style=\"text-align: justify;\">&#8211; Regulaci\u00f3n del agua reutilizada mediante la determinaci\u00f3n de pat\u00f3genos (incluidos coliformes totales, virus y protozoos). Esto se define en el REGLAMENTO DEL PARLAMENTO EUROPEO Y DEL CONSEJO sobre los requisitos m\u00ednimos para la reutilizaci\u00f3n del agua.<\/p>\n<p style=\"text-align: justify;\">&#8211; Hacia una gesti\u00f3n integrada del agua (fuente natural, uso y reutilizaci\u00f3n) se deben implementar metodolog\u00edas desarrolladas en los \u00faltimos a\u00f1os.<\/p>\n<p style=\"text-align: justify;\">&#8211; Cuantificaci\u00f3n de pat\u00f3genos en agua reutilizada: se deben desarrollar m\u00e9todos r\u00e1pidos que permitan una interpretaci\u00f3n r\u00e1pida y la reutilizaci\u00f3n del agua (cuando se cumplen los par\u00e1metros de calidad) (oportunidad de mercado)<\/p>\n<p style=\"text-align: justify;\"><strong>Beneficio ambiental <\/strong><\/p>\n<p style=\"text-align: justify;\">&#8211; Agua recuperada para mitigar la escasez de agua.<\/p>\n<p style=\"text-align: justify;\">&#8211; Escasez de agua en los pa\u00edses del sur y del Mediterr\u00e1neo: datos actuales y predicciones<\/p>\n<p style=\"text-align: justify;\">&#8211; Aumento de la calidad de los flujos de agua (necesidades ambientales y antropog\u00e9nicas) con un impacto directo sobre la b\u00fasqueda de datos ambientales y de salud p\u00fablica<\/p>\n<p style=\"text-align: justify;\"><strong>La oportunidad de mercado <\/strong><\/p>\n<p style=\"text-align: justify;\">&#8211; Dimensi\u00f3n del mercado del suministro y gesti\u00f3n del agua:<\/p>\n<p style=\"text-align: justify;\">&#8211; En Espa\u00f1a el 35% administraciones p\u00fablicas, 33% empresas privadas, 22% empresas conjuntas y 10% servicios municipales (informe AEAS 2018)<\/p>\n<p style=\"text-align: justify;\">&#8211; La necesidad de satisfacer el mercado es la cuantificaci\u00f3n de coliformes, virus y protozoos totales en un solo an\u00e1lisis (Dado que el sensor fot\u00f3nico desarrollado permite el an\u00e1lisis multi-analito).<\/p>\n<p style=\"text-align: justify;\">&#8211; La determinaci\u00f3n y cuantificaci\u00f3n actual de los pat\u00f3genos se basa principalmente en la presencia total de coliformes.<\/p>\n<p style=\"text-align: justify;\">&#8211; Las metodolog\u00edas empleadas requieren personal especializado (tiempo, recursos humanos, laboratorios externos)<\/p>\n<p style=\"text-align: justify;\">Por lo tanto, desarrollar un nuevo dispositivo para el an\u00e1lisis de pat\u00f3genos in situ, de m\u00faltiples objetivos (como se requiere en la regulaci\u00f3n de Reutilizaci\u00f3n de Agua) es una nueva oportunidad de mercado.<\/p>\n<p style=\"text-align: justify;\">Dispositivo compatible para diferentes objetivos expande el mercado<\/p>\n<p style=\"text-align: justify;\">&#8211; Los tiempos entre medici\u00f3n, certificaci\u00f3n, autorizaci\u00f3n y uso del agua se reducen con unidades de detecci\u00f3n in situ<\/p>\n<p style=\"text-align: justify;\">&#8211; El dise\u00f1o del sensor fot\u00f3nico es un mercado en constante expansi\u00f3n, ya que puede ser espec\u00edfico de una regulaci\u00f3n y modificarse en el futuro con la implementaci\u00f3n de otros objetivos<\/p>\n<p style=\"text-align: justify;\">&#8211; M\u00e1s all\u00e1 del mercado del sector del agua potable o reutilizada. El dise\u00f1o de este dispositivo se puede aplicar a otras fuentes de agua, como la monitorizaci\u00f3n de control costera (por ejemplo, para detectar coliformes en \u00e1reas protegidas costeras) o para virus en instalaciones de agua potable (control de virus) o en \u00e1reas no municipales con peque\u00f1os sistemas para el uso integrado del agua que podr\u00edan estar interesados en una reutilizaci\u00f3n segura del agua (edificios deslocalizados, oportunidad de mercado secundario)<\/p>\n<p style=\"text-align: justify;\">En este proyecto se han llevado a cabo el dise\u00f1o y la optimizaci\u00f3n del sensor fot\u00f3nico, as\u00ed como diferentes medidas para la detecci\u00f3n de la bacteria E. coli en diferentes muestras y concentraciones. Para llevar a cabo este tipo de medidas se ha hecho necesaria la combinaci\u00f3n de diferentes disciplinas como son fot\u00f3nica, \u00f3ptica, biolog\u00eda\/qu\u00edmica, electr\u00f3nica, <em>software <\/em>as\u00ed como flu\u00eddica\/microflu\u00eddica.<\/p>\n<p>[\/et_pb_text][\/et_pb_column][\/et_pb_row][\/et_pb_section][et_pb_section fb_built=\u00bb1&#8243; admin_label=\u00bbPopup &#8211; #Proyecto5&#8243; module_id=\u00bbProyecto5&#8243; module_class=\u00bbpopup\u00bb _builder_version=\u00bb4.3.2&#8243; da_is_popup=\u00bbon\u00bb da_popup_slug=\u00bbProyecto5&#8243; da_disable_devices=\u00bboff|off|off\u00bb da_exit_intent=\u00bboff\u00bb da_has_close=\u00bbon\u00bb da_alt_close=\u00bboff\u00bb da_dark_close=\u00bboff\u00bb da_not_modal=\u00bbon\u00bb da_is_singular=\u00bboff\u00bb da_with_loader=\u00bboff\u00bb da_has_shadow=\u00bbon\u00bb][et_pb_row _builder_version=\u00bb4.3.2&#8243;][et_pb_column type=\u00bb4_4&#8243; _builder_version=\u00bb4.3.2&#8243;][et_pb_text _builder_version=\u00bb4.3.2&#8243;]<\/p>\n<h2 style=\"text-align: center;\">Desarrollo de sensores para vigilancia de la calidad del agua<\/h2>\n<p style=\"text-align: left;\"><span style=\"font-size: large;\"><strong><\/strong><\/span><\/p>\n<p style=\"text-align: justify;\"><span style=\"font-size: large;\"><strong>Resumen ejecutivo.<\/strong><\/span><\/p>\n<p style=\"text-align: justify;\">El objetivo concreto de este sub proyecto es el desarrollo de sensores fot\u00f3nicos para el an\u00e1lisis y control de la bacteria E. coli en agua. Para tener una visi\u00f3n m\u00e1s clara de la importancia del proyecto, a continuaci\u00f3n, se exponen datos actualizados sobre el volumen de agua reutilizada en la Uni\u00f3n Europea.<\/p>\n<p style=\"text-align: justify;\">&#8211; <a href=\"https:\/\/ec.europa.eu\/environment\/water\/reuse.htm\" target=\"_blank\" rel=\"noopener noreferrer\">Datos sobre la reutilizaci\u00f3n del agua<\/a> (~ 1 bill\u00f3n de metros c\u00fabicos ~ 2.4% de los efluentes de agua tratada y menos del 0.5% de extracciones anuales de agua dulce de la UE)\u00a0<\/p>\n<p style=\"text-align: justify;\">&#8211; <a href=\"https:\/\/www.iagua.es\/noticias\/locken\/quien-y-que-reutiliza-mas-agua-espana\" target=\"_blank\" rel=\"noopener noreferrer\">Escenario espa\u00f1ol: El 10,4% del agua tratada se reutiliza\u00a0<\/a><\/p>\n<p style=\"text-align: justify;\">&#8211; <a href=\"https:\/\/ec.europa.eu\/environment\/water\/reuse.htm\" target=\"_blank\" rel=\"noopener noreferrer\">Potencial de la UE estimado en 6 mil millones de metros c\u00fabicos<\/a><\/p>\n<p style=\"text-align: justify;\">&#8211; La UE est\u00e1 implementando nuevas regulaciones en la reutilizaci\u00f3n del agua, que incluyen la detecci\u00f3n de la bacteria E. coli<\/p>\n<p style=\"text-align: justify;\">&#8211; Se necesita agua recuperada de alta calidad para garantizar su uso potencial como fuente de agua en las pr\u00e1cticas agr\u00edcolas (es decir, riego con agua reutilizada).<\/p>\n<p style=\"text-align: justify;\">&#8211; Regulaci\u00f3n del agua reutilizada mediante la determinaci\u00f3n de pat\u00f3genos (incluidos coliformes totales, virus y protozoos). Esto se define en el REGLAMENTO DEL PARLAMENTO EUROPEO Y DEL CONSEJO sobre los requisitos m\u00ednimos para la reutilizaci\u00f3n del agua.<\/p>\n<p style=\"text-align: justify;\">&#8211; Hacia una gesti\u00f3n integrada del agua (fuente natural, uso y reutilizaci\u00f3n) se deben implementar metodolog\u00edas desarrolladas en los \u00faltimos a\u00f1os.<\/p>\n<p style=\"text-align: justify;\">&#8211; Cuantificaci\u00f3n de pat\u00f3genos en agua reutilizada: se deben desarrollar m\u00e9todos r\u00e1pidos que permitan una interpretaci\u00f3n r\u00e1pida y la reutilizaci\u00f3n del agua (cuando se cumplen los par\u00e1metros de calidad) (oportunidad de mercado)<\/p>\n<p style=\"text-align: justify;\"><strong>Beneficio ambiental <\/strong><\/p>\n<p style=\"text-align: justify;\">&#8211; Agua recuperada para mitigar la escasez de agua.<\/p>\n<p style=\"text-align: justify;\">&#8211; Escasez de agua en los pa\u00edses del sur y del Mediterr\u00e1neo: datos actuales y predicciones<\/p>\n<p style=\"text-align: justify;\">&#8211; Aumento de la calidad de los flujos de agua (necesidades ambientales y antropog\u00e9nicas) con un impacto directo sobre la b\u00fasqueda de datos ambientales y de salud p\u00fablica<\/p>\n<p style=\"text-align: justify;\"><strong>La oportunidad de mercado <\/strong><\/p>\n<p style=\"text-align: justify;\">&#8211; Dimensi\u00f3n del mercado del suministro y gesti\u00f3n del agua:<\/p>\n<p style=\"text-align: justify;\">&#8211; En Espa\u00f1a el 35% administraciones p\u00fablicas, 33% empresas privadas, 22% empresas conjuntas y 10% servicios municipales (informe AEAS 2018)<\/p>\n<p style=\"text-align: justify;\">&#8211; La necesidad de satisfacer el mercado es la cuantificaci\u00f3n de coliformes, virus y protozoos totales en un solo an\u00e1lisis (Dado que el sensor fot\u00f3nico desarrollado permite el an\u00e1lisis multi-analito).<\/p>\n<p style=\"text-align: justify;\">&#8211; La determinaci\u00f3n y cuantificaci\u00f3n actual de los pat\u00f3genos se basa principalmente en la presencia total de coliformes.<\/p>\n<p style=\"text-align: justify;\">&#8211; Las metodolog\u00edas empleadas requieren personal especializado (tiempo, recursos humanos, laboratorios externos)<\/p>\n<p style=\"text-align: justify;\">Por lo tanto, desarrollar un nuevo dispositivo para el an\u00e1lisis de pat\u00f3genos in situ, de m\u00faltiples objetivos (como se requiere en la regulaci\u00f3n de Reutilizaci\u00f3n de Agua) es una nueva oportunidad de mercado.<\/p>\n<p style=\"text-align: justify;\">Dispositivo compatible para diferentes objetivos expande el mercado<\/p>\n<p style=\"text-align: justify;\">&#8211; Los tiempos entre medici\u00f3n, certificaci\u00f3n, autorizaci\u00f3n y uso del agua se reducen con unidades de detecci\u00f3n in situ<\/p>\n<p style=\"text-align: justify;\">&#8211; El dise\u00f1o del sensor fot\u00f3nico es un mercado en constante expansi\u00f3n, ya que puede ser espec\u00edfico de una regulaci\u00f3n y modificarse en el futuro con la implementaci\u00f3n de otros objetivos<\/p>\n<p style=\"text-align: justify;\">&#8211; M\u00e1s all\u00e1 del mercado del sector del agua potable o reutilizada. El dise\u00f1o de este dispositivo se puede aplicar a otras fuentes de agua, como la monitorizaci\u00f3n de control costera (por ejemplo, para detectar coliformes en \u00e1reas protegidas costeras) o para virus en instalaciones de agua potable (control de virus) o en \u00e1reas no municipales con peque\u00f1os sistemas para el uso integrado del agua que podr\u00edan estar interesados en una reutilizaci\u00f3n segura del agua (edificios deslocalizados, oportunidad de mercado secundario)<\/p>\n<p style=\"text-align: justify;\">En este proyecto se han llevado a cabo el dise\u00f1o y la optimizaci\u00f3n del sensor fot\u00f3nico, as\u00ed como diferentes medidas para la detecci\u00f3n de la bacteria E. coli en diferentes muestras y concentraciones. Para llevar a cabo este tipo de medidas se ha hecho necesaria la combinaci\u00f3n de diferentes disciplinas como son fot\u00f3nica, \u00f3ptica, biolog\u00eda\/qu\u00edmica, electr\u00f3nica, <em>software <\/em>as\u00ed como flu\u00eddica\/microflu\u00eddica.<\/p>\n<p>[\/et_pb_text][\/et_pb_column][\/et_pb_row][\/et_pb_section][et_pb_section fb_built=\u00bb1&#8243; admin_label=\u00bbPopup &#8211; #Proyecto6&#8243; module_id=\u00bbProyecto6&#8243; module_class=\u00bbpopup\u00bb _builder_version=\u00bb4.3.2&#8243; link_option_url=\u00bb#Proyecto6&#8243; da_is_popup=\u00bbon\u00bb da_popup_slug=\u00bbProyecto6&#8243; da_disable_devices=\u00bboff|off|off\u00bb da_exit_intent=\u00bboff\u00bb da_has_close=\u00bbon\u00bb da_alt_close=\u00bboff\u00bb da_dark_close=\u00bboff\u00bb da_not_modal=\u00bbon\u00bb da_is_singular=\u00bboff\u00bb da_with_loader=\u00bboff\u00bb da_has_shadow=\u00bbon\u00bb][et_pb_row _builder_version=\u00bb4.3.2&#8243;][et_pb_column type=\u00bb4_4&#8243; _builder_version=\u00bb4.3.2&#8243;][et_pb_text _builder_version=\u00bb4.3.2&#8243;]<\/p>\n<h2 style=\"text-align: center;\"><\/h2>\n<h1>Detecci\u00f3n simult\u00e1nea de virus SARS-COV-2 y anticuerpos IgM e IgG<\/h1>\n<p style=\"text-align: justify;\"><span style=\"font-size: large;\"><strong>Resumen ejecutivo.<\/strong><\/span><\/p>\n<p>La pandemia a nivel mundial del coronavirus SARS-CoV-2 ha puesto de manifiesto la necesidad de dotarse de medios de diagn\u00f3stico r\u00e1pidos y fiables para tener informaci\u00f3n precisa de la propagaci\u00f3n de la epidemia, puesto que es la clave para la toma de medidas de control adecuadas.<\/p>\n<p>Es sabido que las dos t\u00e9cnicas de detecci\u00f3n del COVID 19 empleadas hasta el momento consisten en PCR (Reacci\u00f3n en Cadena de la Polimerasa) y test r\u00e1pidos. La PCR amplifica un fragmento del material gen\u00e9tico del virus (ARN) lo que permite su detecci\u00f3n en las primeras fases del virus. Adem\u00e1s la PCR cuenta con una alta especificidad (distingue entre microorganismos similares) y una alta sensibilidad (detecta la presencia del virus con muestras reducidas). El inconveniente de esta t\u00e9cnica es que es relativamente compleja y requiere de personal especializado para realizarla y que precisa de varias horas para aportar resultados.<\/p>\n<p>Los test serol\u00f3gicos r\u00e1pidos est\u00e1n basados en una inmunocromatograf\u00eda en papel, similar a la de los test de embarazo. Consisten en un cartucho que incorporan prote\u00ednas del virus (prote\u00edna S) para detectar anticuerpos (IgG\/IgM) mediante una muestra de sangre o bien anticuerpos espec\u00edficos para detectar las prote\u00ednas del virus a trav\u00e9s de muestras respiratorias o de la mucosa nasofaringea. Estos test precisan que el virus haya pasado un tiempo en el cuerpo del paciente para que este haya generado los anticuerpos suficientes para ser detectados. Se considera que son menos fiables y solo aportan informaci\u00f3n sobre la presencia o ausencia del virus.<\/p>\n<p><img loading=\"lazy\" src=\"https:\/\/ntc-avi.com\/wp-content\/uploads\/2021\/04\/coronavirus-3-300x169.jpg\" alt=\"\" class=\"wp-image-150 alignnone size-medium\" width=\"300\" height=\"169\" \/><\/p>\n<p>El proyecto realizado durante la anualidad 2020 por la UCIE del Instituto NTC, financiado por la Agencia Valenciana de la Innovaci\u00f3n, ha \u00a0consistido en la detecci\u00f3n simult\u00e1nea de virus SARS-COV-2 y anticuerpos IgM e IgG en una misma persona, a partir de una muestra nasofar\u00edngea y serol\u00f3gica que se introducen en un cartucho, donde se inserta el chip fot\u00f3nico fabricado por el Instituto NTC de la UPV, responsable del sensado.<\/p>\n<p>Para ello, se ha adaptado la plataforma de sensado fot\u00f3nico desarrollada por la empresas Lumensia Sensors, S.L., empresa spin off de la UPV, originalmente concebida para biosensores de seguridad alimentaria (test r\u00e1pido de m\u00faltiples al\u00e9rgenos). Destacar que la detecci\u00f3n en tan solo 20 minutos proporciona tambi\u00e9n la concentraci\u00f3n de virus y anticuerpos en cada muestra, lo que aporta una informaci\u00f3n adicional de alto valor que permite no s\u00f3lo aumentar la fiabilidad del diagn\u00f3stico sino que ayuda a conocer el estado del paciente en el proceso de infecci\u00f3n.<\/p>\n<p>Ensayos realizados en pacientes reales, gracias a la colaboraci\u00f3n establecida con el Hospital Cl\u00ednico Universitario de Valencia, han dado resultados muy positivos en comparaci\u00f3n con las t\u00e9cnicas antes descritas, con un coste adem\u00e1s sensiblemente menor.<\/p>\n<p style=\"text-align: justify;\">[\/et_pb_text][\/et_pb_column][\/et_pb_row][\/et_pb_section][et_pb_section fb_built=\u00bb1&#8243; admin_label=\u00bbPopup &#8211; #Proyecto7&#8243; module_id=\u00bbProyecto7&#8243; module_class=\u00bbpopup\u00bb _builder_version=\u00bb4.3.2&#8243; link_option_url=\u00bb#Proyecto6&#8243; da_is_popup=\u00bbon\u00bb da_popup_slug=\u00bbProyecto7&#8243; da_disable_devices=\u00bboff|off|off\u00bb locked=\u00bboff\u00bb da_exit_intent=\u00bboff\u00bb da_has_close=\u00bbon\u00bb da_alt_close=\u00bboff\u00bb da_dark_close=\u00bboff\u00bb da_not_modal=\u00bbon\u00bb da_is_singular=\u00bboff\u00bb da_with_loader=\u00bboff\u00bb da_has_shadow=\u00bbon\u00bb][et_pb_row _builder_version=\u00bb4.3.2&#8243;][et_pb_column type=\u00bb4_4&#8243; _builder_version=\u00bb4.3.2&#8243;][et_pb_text _builder_version=\u00bb4.3.2&#8243;]<\/p>\n<h2>Proyecto del gel hidroalcoh\u00f3lico luminiscente.<\/h2>\n<p>&nbsp;<\/p>\n<p>Las manos son uno de los eslabones m\u00e1s importantes en la cadena de la infecci\u00f3n. Existen numerosos estudios que demuestran que las manos de pacientes y sanitarios son el principal vector de diseminaci\u00f3n de enfermedades infecciosas nosocomiales (Pittet D. et al. Lancet. 2000, 356 (9238), 1307\u201312), aunque no el \u00fanico, puesto que tanto manos como el calzado contactan con objetos y superficies diseminando los pat\u00f3genos que porten. Este riesgo fue evidenciado en 1840 por el m\u00e9dico h\u00fangaro Ignaz Semmelweis, quien lo describi\u00f3 en su Teor\u00eda de los G\u00e9rmenes (Codell Carter, K. Medical History 1985, 29, 33-53) para explicar las enfermedades, y quien plante\u00f3 una f\u00e1cil soluci\u00f3n para mitigarlo: la correcta desinfecci\u00f3n de manos.<\/p>\n<p>En la actualidad, para llevar a cabo una correcta higienizaci\u00f3n de manos se suele recurrir al agua corriente, jab\u00f3n antis\u00e9ptico y un proceso adecuado de lavado y secado.<\/p>\n<p>Sin embargo, este tipo de limpieza presenta varias desventajas (Harbarth S. Clin Infect Dis. 2000 Jun, 30(6), 990-1): (1) En ocasiones no es factible contar con las infraestructuras necesarias (agua corriente y\/o secado) para realizar esa correcta higienizaci\u00f3n de manos; (2) El cumplimiento de las recomendaciones para el lavado de manos con agua corriente por parte del personal sanitario permanece inaceptablemente bajo (entre el 10 y el 50%) (Boyce JM. Ann Intern Med 1999, 130, 153\u20135), debido a que el tiempo promedio de lavado de manos (8-20 segundos) es insuficiente para que la mayor\u00eda de agentes de desinfecci\u00f3n de manos sea completamente efectivo, y que un tiempo mayor (40-80 segundos) ser\u00eda prohibitivo, dada la frecuencia de desinfecci\u00f3n necesaria (un m\u00ednimo de 20 ocasiones por hora en UCI, por ejemplo).<\/p>\n<p><img loading=\"lazy\" src=\"https:\/\/ntc-avi.com\/wp-content\/uploads\/2024\/10\/img_proy_gel_luminiscente.png\" alt=\"\" class=\"wp-image-150 alignnone size-medium\" width=\"300\" height=\"169\" \/><\/p>\n<p>Para solucionar todas estas desventajas, surgieron los productos higienizadores de manos, una excelente alternativa al lavado convencional de manos, pues permite que la higienizaci\u00f3n se lleve a cabo en cualquier momento y lugar, sin depender de la existencia de las infraestructuras de agua corriente y secado. El componente principal de los productos higienizadores de manos es el alcohol, puesto que ya en 1875 Leonid Bucholz demostr\u00f3 las excelentes propiedades antis\u00e9pticas del alcohol, capaz de eliminar el 99.9% de los g\u00e9rmenes.<\/p>\n<p>El funcionamiento del gel hidroalcoh\u00f3lico luminiscente desarrollado gracias a la ayuda de la Agencia Valenciana Innovaci\u00f3n se basa en el simple hecho de que, durante el proceso de higienizaci\u00f3n de manos, los disolventes que lo componen en su mayor\u00eda se evaporar\u00e1n, dejando las zonas en contacto con el gel recubiertas superficialmente del agente luminiscente (y por ende, las zonas<\/p>\n<p>que no han entrado en contacto con el gel, sin \u00e9ste). Por esta raz\u00f3n, s\u00f3lo las zonas desinfectadas con gel presentar\u00e1n fluorescencia, de modo que bajo iluminaci\u00f3n con luz UV, \u00e9stas se distinguir\u00e1n perfectamente de las zonas no desinfectadas.<\/p>\n<p>Para dise\u00f1ar el gel hidroalcoh\u00f3lico luminiscente \u00f3ptimo, se han establecido los requisitos que debe satisfacer, y en base a \u00e9stos, es posible permite fijar algunos par\u00e1metros de s\u00edntesis, y decidir en qu\u00e9 rango deben evaluarse el resto de ellos, con el fin \u00faltimo de satisfacer dichos requisitos, que son:<\/p>\n<p>1.\u00a0<em>Conservar las propiedades de un gel hidroalcoh\u00f3lico <\/em>(su poder detersivo y\/o biocida, seg\u00fan interese para cada aplicaci\u00f3n). Como el agente luminiscente no tiene un efecto determinante sobre los disolventes que componen mayoritariamente un gel hidroalcoh\u00f3lico (etanol, butanol etc.), su poder detersivo y\/o biocida no debe variar por la incorporaci\u00f3n de dicho agente a la composici\u00f3n final. As\u00ed pues, el gel puede ser preparado a trav\u00e9s de dos estrategias distintas: dispersar el agente luminiscente en un gel hidroalcoh\u00f3lico ya preparado\/comercial, o bien emplear el agente luminiscente como un reactivo m\u00e1s en la composici\u00f3n del gel.<\/p>\n<p><em>2. Aportar luminiscencia<\/em>, bien sea un fen\u00f3meno quimioluminiscente, cristaloluminiscente, electroluminiscente, mecanoluminiscente, fotoluminiscente, radioluminiscente y\/o termoluminiscente. De entre todos los fen\u00f3menos, en este caso se realizar\u00e1 el estudio con agentes fluorescentes, descartando a priori otros fen\u00f3menos parecidos como la fosforescencia, debido a que esta \u00faltima podr\u00eda generar cierto rechazo en el usuario, si se ve forzado a circular con las manos fosforesciendo una vez termine el control con la luz estimulante (UV) hasta que la se\u00f1al decaiga pasado un tiempo.<\/p>\n<p><em>3. Aportar seguridad para su aplicaci\u00f3n t\u00f3pica\/dermatol\u00f3gica<\/em>. Dado que los reactivos fluorescentes libres son sustancias potencialmente t\u00f3xicas a partir de cierta concentraci\u00f3n, es preciso que el agente luminiscente -fluorescente seg\u00fan hemos delimitado- no se absorba d\u00e9rmicamente, y que no quede reactivo fluorescente libre. Para conseguirlo, los reactivos fluorescentes ser\u00e1n encapsulados por una matriz de naturaleza polim\u00e9rica o inorg\u00e1nica (por ejemplo, s\u00edlice, sin descartar otros \u00f3xidos o pol\u00edmeros) para que la permeabilidad cut\u00e1nea sea muy limitada o nula, que es posible limitar a\u00fan m\u00e1s empleando tama\u00f1os de part\u00edcula relativamente grandes. Adem\u00e1s, los reactivos pueden ser anclados qu\u00edmicamente para que, incluso aunque el disolvente pudiera interaccionar con \u00e9stos, no se solubilicen ni permeen al cuerpo humano (seleccionando derivados de los reactivos luminiscentes con un grupo org\u00e1nico adecuado capaz de reaccionar con la matriz, o grupos org\u00e1nicos que \u00e9sta tenga).<\/p>\n<p><em>4. Aportar estabilidad a la se\u00f1al luminiscente<\/em>. Dado que los reactivos luminiscentes libres pueden sufrir un decaimiento de su se\u00f1al luminiscente al contacto con disolventes (como los que componen el gel hidroalcoh\u00f3lico mayoritariamente) o con la humedad ambiental, la matriz destinada a ofrecer seguridad tambi\u00e9n permitir\u00e1 al tiempo ofrecer una se\u00f1al luminiscente m\u00e1s estable. Adicionalmente, la adecuada elecci\u00f3n de la naturaleza de la matriz permitir\u00eda potenciar efectos difractivos que mejorasen la luminiscencia.<\/p>\n<p><em>5. No aportar color a la piel en el rango visible del espectro<\/em>, para que el uso del gel hidroalcoh\u00f3lico no genere rechazo en el usuario. Para ello, el agente luminiscente no debe aportar color, o bien debe contar con un color parecido al propio de la piel humana.<\/p>\n<p><em>6. Permitir una r\u00e1pida y sencilla monitorizaci\u00f3n de la calidad del proceso de desinfecci\u00f3n de las manos<\/em>. Para ello, el gel debe aportar fluorescencia sobre la piel de modo que, una vez estimulada mediante luz UV (de la forma m\u00e1s sencilla posible, como mediante una l\u00e1mpara UV, aunque compatible con otros dispositivos m\u00e1s sofisticados), se perciba el m\u00e1ximo contraste posible entre las zonas correcta e incorrectamente higienizadas. Para ello, de entre los distintos reactivos luminiscentes, se escoger\u00e1 aqu\u00e9l que presente la mayor eficiencia y seguridad posible.<\/p>\n<p>&nbsp;<\/p>\n<p>&nbsp;<\/p>\n<p>&nbsp;<\/p>\n<p style=\"text-align: justify;\">[\/et_pb_text][\/et_pb_column][\/et_pb_row][\/et_pb_section][et_pb_section fb_built=\u00bb1&#8243; admin_label=\u00bbPopup &#8211; #Proyecto8&#8243; module_id=\u00bbProyecto8&#8243; module_class=\u00bbpopup\u00bb _builder_version=\u00bb4.3.2&#8243; custom_padding=\u00bb33px|||||\u00bb link_option_url=\u00bb#Proyecto8&#8243; da_is_popup=\u00bbon\u00bb da_popup_slug=\u00bbProyecto8&#8243; da_disable_devices=\u00bboff|off|off\u00bb locked=\u00bboff\u00bb da_exit_intent=\u00bboff\u00bb da_has_close=\u00bbon\u00bb da_alt_close=\u00bboff\u00bb da_dark_close=\u00bboff\u00bb da_not_modal=\u00bbon\u00bb da_is_singular=\u00bboff\u00bb da_with_loader=\u00bboff\u00bb da_has_shadow=\u00bbon\u00bb][et_pb_row _builder_version=\u00bb4.3.2&#8243;][et_pb_column type=\u00bb4_4&#8243; _builder_version=\u00bb4.3.2&#8243;][et_pb_text _builder_version=\u00bb4.3.2&#8243;]<\/p>\n<h2>El Centro de Nanofot\u00f3nica valida un biosensor fot\u00f3nico que detecta al mismo tiempo el SARS-Cov2 y el RSV<\/h2>\n<p>&nbsp;<\/p>\n<p>&nbsp;<\/p>\n<ul>\n<li>Reduce el tiempo de diagn\u00f3stico de las 8 horas de las actuales PCR a solo media hora<\/li>\n<li>Supondr\u00eda un impacto enorme en el campo de los equipos m\u00e9dicos para diagn\u00f3stico y para la gesti\u00f3n de los pacientes<\/li>\n<\/ul>\n<p>&nbsp;<\/p>\n<p>El Centro de Tecnolog\u00eda Nanofot\u00f3nica de Valencia (NTC), adscrito a la Universidad Polit\u00e9cnica de Valencia (UPV), ha finalizado un proyecto que ha permitido validar un biosensor fot\u00f3nico que detecta al mismo tiempo y en la misma muestra la presencia del coronavirus respiratorio agudo severo (SARS-Cov2) y el virus sincitial respiratorio (RSV).<\/p>\n<p>Esta iniciativa, financiada por la Agencia Valenciana de la Innovaci\u00f3n (AVI) actualmente denominada IVACE + i, posee otra caracter\u00edstica fundamental en t\u00e9rminos de rendimiento. Es capaz de diagnosticar el SARS-Cov2 y el RSV en tan solo media hora, frente a las 8 horas que necesita el tradicional m\u00e9todo PCR.<\/p>\n<p>Se trata de un avance que podr\u00eda suponer un impacto enorme en el campo de los equipos m\u00e9dicos para el diagn\u00f3stico y para la gesti\u00f3n de pacientes. El trabajo validado por el NTC permite diagnosticar m\u00e1s r\u00e1pido y m\u00e1s muestras que los actuales sistemas PCR.<\/p>\n<p>El proyecto nace tras la pandemia, cuando qued\u00f3 reflejados los nuevos desaf\u00edos a los que se enfrentan los sistemas de salud en el diagn\u00f3stico de enfermedades con s\u00edntomas cl\u00ednicos similares causados por virus respiratorios, aunque con estrategias de manejo y tratamiento de la infecci\u00f3n diferentes seg\u00fan el pat\u00f3geno.<\/p>\n<p>Por ello, la identificaci\u00f3n r\u00e1pida del origen de la sintomatolog\u00eda del paciente es clave para una mejora en la gesti\u00f3n del paciente. Esta situaci\u00f3n ha disparado el inter\u00e9s por parte de las principales empresas del sector de equipos m\u00e9dicos de an\u00e1lisis (Roche, ThermoFisher, etc.) en el desarrollo de kits que permitan la detecci\u00f3n de estos virus como la influenza A \/ B (IVA \/ IVB), el coronavirus respiratorio agudo severo 2 (SARS-CoV-2) o el virus sincitial respiratorio (RSV), en un solo ensayo utilizando sus propios equipos basados en PCR.<\/p>\n<p>Sin embargo, esta soluci\u00f3n no cubre la necesidad cl\u00ednica identificada en t\u00e9rminos de tiempo a resultados, ya que la obtenci\u00f3n de resultados requiere una espera m\u00ednima de 8 horas.<\/p>\n<p>El principio de funcionamiento en el que se basan los sensores biofot\u00f3nicos de este proyecto es trasladable a otros analitos de inter\u00e9s en la cl\u00ednica diaria, como la identificaci\u00f3n del origen v\u00edrico o bacteriano, de ciertas patolog\u00edas que muestran s\u00edntomas indistinguibles. Estas nuevas aplicaciones contribuir\u00edan a abordar la amenaza la resistencia a los antimicrobianos (AMR) para la que la OMS ha trazado varias estrategias de contenci\u00f3n.<\/p>\n<p><strong>1.700 ingresos<\/strong><\/p>\n<p>El virus sincitial respiratorio es uno de los principales pat\u00f3genos que causan numerosos ingresos hospitalarios y atenciones m\u00e9dicas de los menores durante los meses de oto\u00f1o e invierno.<\/p>\n<p>Seg\u00fan los datos de la Conselleria de Sanidad, el VSR causa m\u00e1s de 1.700 ingresos y cerca de 8.000 estancias hospitalarias de ni\u00f1os menores de un a\u00f1o en la Comunitat Valenciana. Adem\u00e1s, los centros de Atenci\u00f3n Primaria atienden, anualmente, unas 20.000 consultas a causa de esta infecci\u00f3n.<\/p>\n<p><strong>Otras aplicaciones<\/strong><\/p>\n<p>El NTC ya tiene experiencia en el desarrollo de biosensores para la r\u00e1pida detecci\u00f3n y diagn\u00f3stico. De hecho, dispone de un sistema que permite la detecci\u00f3n de bacterias en el agua, en cuesti\u00f3n de minutos. Su aplicaci\u00f3n permite descubrir casi de manera inmediata la presencia de E.Coli y otros microorganismos en las playas.<\/p>\n<p>Este sistema est\u00e1 integrado en un equipo port\u00e1til que permite trasladarlo a cualquier lugar para la toma de muestras y realizar el an\u00e1lisis de las mismas in situ, obteniendo un resultado en alrededor de 30 minutos. Los procedimientos normales requieren llevar las muestras a un laboratorio y esperar al menos 48 horas, o incluso de hasta 15 d\u00edas para bacterias como la legionela.<\/p>\n<p><strong>NTC<\/strong><\/p>\n<p>El Centro de Tecnolog\u00eda Nanofot\u00f3nica (NTC) de Valencia cuenta con casi 20 a\u00f1os de experiencia en la investigaci\u00f3n para el control y manipulaci\u00f3n de la luz a una escala muy peque\u00f1a. La tecnolog\u00eda que desarrolla ha sido considerada estrat\u00e9gica por la Comisi\u00f3n Europea para asegurar la competitividad y soberan\u00eda tecnol\u00f3gica de Europa y Espa\u00f1a, en el sector de la microelectr\u00f3nica y semiconductores.<\/p>\n<p>Se ubica en el campus de la Universidad Polit\u00e9cnica de Valencia (UPV). Su instalaci\u00f3n m\u00e1s singular es la Sala Limpia dedicada a la micro y nano fabricaci\u00f3n de semiconductores, que forma parte del Mapa Espa\u00f1ol de Infraestructuras Cient\u00edficas y Tecnol\u00f3gicas Singulares (ITCS) y recibe el apoyo de los Fondos FEDER de la UE, del gobierno de Espa\u00f1a y de la Generalitat Valenciana.<\/p>\n<p>El Instituto desarrolla aplicaciones de la fot\u00f3nica en diversas \u00e1reas. Principalmente para su aplicaci\u00f3n en la industria de las telecomunicaciones, la alimentaria, veterinaria, la salud o en el control de contaminantes en el agua. Y su desarrollo ha llegado a emplearse hasta en el funcionamiento de sat\u00e9lites artificiales.<\/p>\n<p>&nbsp;<\/p>\n<p>&nbsp;<\/p>\n<p style=\"text-align: justify;\">\n<p>[\/et_pb_text][\/et_pb_column][\/et_pb_row][\/et_pb_section][et_pb_section fb_built=\u00bb1&#8243; admin_label=\u00bbPopup &#8211; #Proyecto9&#8243; module_id=\u00bbProyecto9&#8243; module_class=\u00bbpopup\u00bb _builder_version=\u00bb4.3.2&#8243; custom_padding=\u00bb33px|||||\u00bb link_option_url=\u00bb#Proyecto8&#8243; da_is_popup=\u00bbon\u00bb da_popup_slug=\u00bbProyecto9&#8243; da_disable_devices=\u00bboff|off|off\u00bb locked=\u00bboff\u00bb da_exit_intent=\u00bboff\u00bb da_has_close=\u00bbon\u00bb da_alt_close=\u00bboff\u00bb da_dark_close=\u00bboff\u00bb da_not_modal=\u00bbon\u00bb da_is_singular=\u00bboff\u00bb da_with_loader=\u00bboff\u00bb da_has_shadow=\u00bbon\u00bb][et_pb_row _builder_version=\u00bb4.3.2&#8243;][et_pb_column type=\u00bb4_4&#8243; _builder_version=\u00bb4.3.2&#8243;][et_pb_text _builder_version=\u00bb4.3.2&#8243;]<\/p>\n<h2>El Centro de Nanofot\u00f3nica de la UPV les da una segunda vida a las bater\u00edas el\u00e9ctricas de los coches<\/h2>\n<p>&nbsp;<\/p>\n<ul>\n<li>Trabaja en un proceso de automatizaci\u00f3n para abaratar los costes y aumentar el uso de las c\u00e9lulas de energ\u00eda<\/li>\n<li>Sirven para almacenar energ\u00eda fotovoltaica en viviendas y comercios<\/li>\n<\/ul>\n<p>&nbsp;<\/p>\n<p>El Centro de Tecnolog\u00eda Nanofot\u00f3nica de Valencia (NTC), adscrito a la Universidad Polit\u00e9cnica de Valencia (UPV), ha puesto en marcha un proceso de automatizaci\u00f3n para desmantelar las bater\u00edas de los coches el\u00e9ctricos, pero tambi\u00e9n las que se emplean en los patinetes, bicicletas o motos el\u00e9ctricas. Se trata de darles una segunda vida y contribuir a la econom\u00eda circular.<\/p>\n<p>Una vez que las bater\u00edas han cumplido su ciclo de vida en los veh\u00edculos el\u00e9ctricos, todav\u00eda tienen suficiente capacidad para ser reutilizadas en sistemas de almacenamiento de energ\u00eda solar o e\u00f3lica. Suponen actualmente una soluci\u00f3n para la gesti\u00f3n energ\u00e9tica en instalaciones industriales, hogares o empresas.<\/p>\n<p>Sin embargo, para que realmente puedan tener \u00e9xito tendr\u00edan que ser competitivas en precio, y para ello tendr\u00edan que pasar del actual esquema de procesado, basado en procesos manuales, a un esquema industrial automatizado.<\/p>\n<p>El NTC estima que el porcentaje de coste de las operaciones manuales de la fase de preparaci\u00f3n de las c\u00e9lulas es del 66%, y que pueden pasar a ser un 9% en la medida en la que se automaticen dichos procesos.<\/p>\n<p>Con el proyecto del instituto de investigaci\u00f3n se pasar\u00eda de 300\u20ac\/Kwh a un coste de 125\u20ac\/KWh, lo que les situar\u00eda en posici\u00f3n de poder ofrecer un precio de salida de 200\u20ac\/Kwh, que ser\u00eda competitivo con el precio actual de entre 300 y 400 \u20ac\/kWh de las bater\u00edas de segunda vida, y de 400 \u2013 600 \u20ac\/Kwh de las bater\u00edas nuevas<\/p>\n<p>Otra de las cuestiones que aborda el proyecto, financiado por la Agencia Valenciana de la Innovaci\u00f3n (AVI) actualmente denominada IVACE + i, es el de la variedad de formatos que emplean los coches el\u00e9ctricos en la fabricaci\u00f3n de sus c\u00e9lulas de energ\u00eda. Pueden ser cil\u00edndricas, prism\u00e1ticas, en forma de sobre, y cada una de ellas con variedad de tama\u00f1os. Lo que dificulta a\u00fan m\u00e1s la estandarizaci\u00f3n del proceso de desmantelado de las bater\u00edas y posterior obtenci\u00f3n de las c\u00e9lulas de energ\u00eda.<\/p>\n<p>La soluci\u00f3n al problema se aborda con matrices de geometr\u00eda variable para trabajar con una sola l\u00ednea de procesado y solo dos matrices. As\u00ed, una vez realizada la separaci\u00f3n de la c\u00e9lula, el resto de los procesos ser\u00e1 id\u00e9ntico para cualquier tipo de bater\u00eda usada de entrada, ya que las caracter\u00edsticas geom\u00e9tricas de las c\u00e9lulas individuales ser\u00e1n iguales.<\/p>\n<p><strong>La Pinada Lab<\/strong><\/p>\n<p>Actualmente, las bater\u00edas de litio son la tecnolog\u00eda preferida para el almacenamiento de energ\u00eda fotovoltaica, en viviendas y comercios. Por eso, el proyecto de las bater\u00edas de litio de segunda vida permitir\u00e1 abaratar el coste de la factura de la luz en las viviendas y en los comercios, as\u00ed como favorecer la transici\u00f3n energ\u00e9tica hacia energ\u00edas limpias.<\/p>\n<p>De hecho, el NTC ha dise\u00f1ado y construido una bater\u00eda de litio de segunda vida de 4 kW de potencia y 5.15 kWh de capacidad. La bater\u00eda ha sido trasladada e instalada en las dependencias de \u201cLa Pinada Lab\u201d en Paterna, como parte de su proyecto de Eco-barrio sostenible.<\/p>\n<p>La bater\u00eda se ha integrado con el resto de los sistemas de una instalaci\u00f3n completamente aut\u00f3noma con producci\u00f3n de energ\u00eda fotovoltaica, y lleva operando a diario durante un a\u00f1o de una manera estable.<\/p>\n<p>Este proyecto contribuye as\u00ed a prolongar la vida \u00fatil de los elementos que se han empleado para la fabricaci\u00f3n de las bater\u00edas, como puede ser el litio, el n\u00edquel o el cobalto. Es, por lo tanto, una apuesta por contribuir a la econom\u00eda circular y la reducci\u00f3n de la necesidad de utilizar y procesar nuevos materiales.<\/p>\n<p><strong>NTC<\/strong><\/p>\n<p>El Centro de Tecnolog\u00eda Nanofot\u00f3nica (NTC) de Valencia cuenta con casi 20 a\u00f1os de experiencia en la investigaci\u00f3n para el control y manipulaci\u00f3n de la luz a una escala muy peque\u00f1a. La tecnolog\u00eda que desarrolla ha sido considerada estrat\u00e9gica por la Comisi\u00f3n Europea para asegurar la competitividad y soberan\u00eda tecnol\u00f3gica de Europa y Espa\u00f1a, en el sector de la microelectr\u00f3nica y semiconductores.<\/p>\n<p>Se ubica en el campus de la Universidad Polit\u00e9cnica de Valencia (UPV). Su instalaci\u00f3n m\u00e1s singular es la Sala Limpia dedicada a la micro y nano fabricaci\u00f3n de semiconductores, que forma parte del Mapa Espa\u00f1ol de Infraestructuras Cient\u00edficas y Tecnol\u00f3gicas Singulares (ITCS) y recibe el apoyo de los Fondos FEDER de la UE, del gobierno de Espa\u00f1a y de la Generalitat Valenciana.<\/p>\n<p>El Instituto desarrolla aplicaciones de la fot\u00f3nica en diversas \u00e1reas. Principalmente para su aplicaci\u00f3n en la industria de las telecomunicaciones, la alimentaria, veterinaria, la salud o en el control de contaminantes en el agua. Y su desarrollo ha llegado a emplearse hasta en el funcionamiento de sat\u00e9lites artificiales.<\/p>\n<p>&nbsp;<\/p>\n<p>&nbsp;<\/p>\n<p style=\"text-align: justify;\">\n<p>[\/et_pb_text][\/et_pb_column][\/et_pb_row][\/et_pb_section][et_pb_section fb_built=\u00bb1&#8243; admin_label=\u00bbPopup &#8211; #Proyecto10&#8243; module_id=\u00bbProyecto10&#8243; module_class=\u00bbpopup\u00bb _builder_version=\u00bb4.3.2&#8243; custom_padding=\u00bb33px|||||\u00bb link_option_url=\u00bb#Proyecto8&#8243; da_is_popup=\u00bbon\u00bb da_popup_slug=\u00bbProyecto10&#8243; da_disable_devices=\u00bboff|off|off\u00bb locked=\u00bboff\u00bb da_exit_intent=\u00bboff\u00bb da_has_close=\u00bbon\u00bb da_alt_close=\u00bboff\u00bb da_dark_close=\u00bboff\u00bb da_not_modal=\u00bbon\u00bb da_is_singular=\u00bboff\u00bb da_with_loader=\u00bboff\u00bb da_has_shadow=\u00bbon\u00bb][et_pb_row _builder_version=\u00bb4.3.2&#8243;][et_pb_column type=\u00bb4_4&#8243; _builder_version=\u00bb4.3.2&#8243;][et_pb_text _builder_version=\u00bb4.3.2&#8243;]<\/p>\n<h2>MONITORIZACI\u00d3N DE LA ROTURA DE LA CADENA DEL FRIO EN PRODUCTOS CONGELADOS MEDIANTE SENSADO DE THZ<\/h2>\n<p>&nbsp;<\/p>\n<p>Las empresas de suministro de alimentos tienen la obligaci\u00f3n de dar la garant\u00eda de que los productos que se ponen a la venta tienen un perfil tanto sanitario como de calidad que cumpla con las exigencias del consumidor. Esto supone un pilar m\u00e1s del contrato social que define a las sociedades avanzadas.<\/p>\n<p>A trav\u00e9s de investigaciones preliminares previas, el NTC identific\u00f3 la posibilidad de identificar mediante ondas en la banda de los THz si un producto congelado hab\u00eda mantenido la cadena de fr\u00edo o no. Se realizaron medidas preliminares en con jud\u00edas (<em>Phaseolus vulgaris<\/em>), que mostraron una correlaci\u00f3n entre la rotura de la cadena de fr\u00edo e informaci\u00f3n que pod\u00eda extraerse mediante el sistema de medida. La combinaci\u00f3n de un inter\u00e9s por una soluci\u00f3n sencilla que permita determinar el \u00a0historial de congelaci\u00f3n de un producto directamente sobre el alimento con los resultados preliminares obtenidos con dos instrumentos distintos hace que se considere oportuno continuar con esta l\u00ednea de innovaci\u00f3n para madurarla y acercarla a una posible explotaci\u00f3n comercial ya que esto permitir\u00eda a las empresas de log\u00edstica alimentaria tener una monitorizaci\u00f3n de los productos para mejorar su calidad y poder identificar los puntos en los que se producen las roturas de la cadena de fr\u00edo para que estos fallos puedan ser corregidos y redunde en una mejor experiencia para el cliente, un mejor uso de los recursos al evitarse el desperdicio de alimentos as\u00ed como mejorar la productividad de estas empresas al evitarse la perdida de mercanc\u00eda.<\/p>\n<p>En el proyecto se ha colaborado con el instituto AINIA para definir las condiciones de medida que permitan habilitar una nueva tecnolog\u00eda que redunde en una mejora de la calidad alimentaria.<\/p>\n<p>Los resultados han permitido validar la viabilidad de monitorizar la rotura de la cadena de fr\u00edo en las jud\u00edas congeladas mediante su medida con THz. Las campa\u00f1as de medida han mostrado que los sensores de THz son capaces de predecir si las jud\u00edas han mantenido permanente la congelaci\u00f3n con una fiabilidad del 88%. Incluso el sistema es capaz de detectar si se ha roto la cadena de fr\u00edo m\u00e1s de una vez. Ser\u00e1 necesario realizar m\u00e1s campa\u00f1as de medida para refinar la definici\u00f3n del umbral y as\u00ed mejorar la fiabilidad del m\u00e9todo.<\/p>\n<p>[\/et_pb_text][\/et_pb_column][\/et_pb_row][\/et_pb_section][et_pb_section fb_built=\u00bb1&#8243; admin_label=\u00bbPopup &#8211; #Proyecto11&#8243; module_id=\u00bbProyecto11&#8243; module_class=\u00bbpopup\u00bb _builder_version=\u00bb4.3.2&#8243; custom_padding=\u00bb33px|||||\u00bb link_option_url=\u00bb#Proyecto8&#8243; da_is_popup=\u00bbon\u00bb da_popup_slug=\u00bbProyecto11&#8243; da_disable_devices=\u00bboff|off|off\u00bb locked=\u00bboff\u00bb da_exit_intent=\u00bboff\u00bb da_has_close=\u00bbon\u00bb da_alt_close=\u00bboff\u00bb da_dark_close=\u00bboff\u00bb da_not_modal=\u00bbon\u00bb da_is_singular=\u00bboff\u00bb da_with_loader=\u00bboff\u00bb da_has_shadow=\u00bbon\u00bb][et_pb_row _builder_version=\u00bb4.3.2&#8243;][et_pb_column type=\u00bb4_4&#8243; _builder_version=\u00bb4.3.2&#8243;][et_pb_text _builder_version=\u00bb4.3.2&#8243;]<\/p>\n<h2>CLASIFICACI\u00d3N DE PL\u00c1STICOS MEDIANTE SENSADO DE THZ PARA APLICACIONES DE RECICLAJE<\/h2>\n<p>&nbsp;<\/p>\n<p>La implementaci\u00f3n de tecnolog\u00edas avanzadas de clasificaci\u00f3n es clave para avanzar hacia una econom\u00eda circular, transformando el reciclaje de una necesidad ambiental en un pilar econ\u00f3mico estrat\u00e9gico. En concreto, en relaci\u00f3n con los pl\u00e1sticos, al automatizar la separaci\u00f3n de pol\u00edmeros con alta precisi\u00f3n, se genera una materia prima secundaria de gran calidad que reduce la dependencia de las importaciones de petr\u00f3leo, fomenta la creaci\u00f3n de empleo verde y minimiza el impacto social de los vertederos. Sin embargo, este progreso enfrenta un obst\u00e1culo cr\u00edtico en los pl\u00e1sticos negros: debido al uso de pigmentos de negro de humo, estos materiales absorben la luz de los sensores de infrarrojo cercano (NIR) utilizados en las plantas, volvi\u00e9ndose \u00abinvisibles\u00bb para las m\u00e1quinas. Esta limitaci\u00f3n t\u00e9cnica provoca que toneladas de recursos valiosos acaben en la incineradora simplemente porque el sistema no puede identificarlos, lo que subraya la urgencia de adoptar nuevas soluciones.<\/p>\n<p>&nbsp;<\/p>\n<p>En la UCIE NTC-AVI de la UPV trabajamos para desarrollar una soluci\u00f3n que permita la clasificaci\u00f3n de escamas de ciertos pol\u00edmeros usados en la industria para permitir la clasificaci\u00f3n de residuos que no pueden clasificarse mediante espectroscopia NIR. Mediante ondas de THz junto con t\u00e9cnicas avanzadas de procesado de se\u00f1al se ha demostrado que es posible la discriminaci\u00f3n de muestras de PP y PS con una elevada tasa de acierto.<\/p>\n<p>&nbsp;<\/p>\n<p>[\/et_pb_text][\/et_pb_column][\/et_pb_row][\/et_pb_section][et_pb_section fb_built=\u00bb1&#8243; admin_label=\u00bbPopup &#8211; #Proyecto12&#8243; module_id=\u00bbProyecto12&#8243; module_class=\u00bbpopup\u00bb _builder_version=\u00bb4.3.2&#8243; custom_padding=\u00bb33px|||||\u00bb link_option_url=\u00bb#Proyecto8&#8243; da_is_popup=\u00bbon\u00bb da_popup_slug=\u00bbProyecto12&#8243; da_disable_devices=\u00bboff|off|off\u00bb locked=\u00bboff\u00bb da_exit_intent=\u00bboff\u00bb da_has_close=\u00bbon\u00bb da_alt_close=\u00bboff\u00bb da_dark_close=\u00bboff\u00bb da_not_modal=\u00bbon\u00bb da_is_singular=\u00bboff\u00bb da_with_loader=\u00bboff\u00bb da_has_shadow=\u00bbon\u00bb][et_pb_row _builder_version=\u00bb4.3.2&#8243;][et_pb_column type=\u00bb4_4&#8243; _builder_version=\u00bb4.3.2&#8243;][et_pb_text _builder_version=\u00bb4.3.2&#8243;]<\/p>\n<h2><strong>DETECCI\u00d3N DE C\u00c1NCER DE MAMA MEDIANTE SENSORES FOT\u00d3NICOS<\/strong><\/h2>\n<p><strong><\/strong><\/p>\n<p>Actualmente, los sistemas de salud se enfrentan a nuevos desaf\u00edos en el diagn\u00f3stico de \u00a0enfermedades como el c\u00e1ncer. Se ha demostrado que algunos tipos de c\u00e1ncer, como por ejemplo el de mama relacionados con niveles altos de estr\u00f3genos, puede ser causado por determinadas bacterias presentes en la flora intestinal.<\/p>\n<p>&nbsp;<\/p>\n<p>La detecci\u00f3n de este tipo de bacterias y de las enzimas que producen pueden ser un claro identificador que permita un diagn\u00f3stico precoz y una profilaxis eficaz para prevenir este tipo de c\u00e1ncer. La detecci\u00f3n r\u00e1pida de la bacteria con los sensores propuestos representa una ventaja respecto a otros sistemas como crecimiento directo, espectrometr\u00eda de masas o ELISA que requiere un mayor coste.<\/p>\n<p>&nbsp;<\/p>\n<p>Esta l\u00ednea de actuaci\u00f3n pretende validar la capacidad de producci\u00f3n a nivel semi-industrial de biosensores fot\u00f3nicos desarrollados en la UCIE del Instituto NTC:<\/p>\n<p>-La optimizaci\u00f3n y automatizaci\u00f3n de procesos de fabricaci\u00f3n y funcionalizaci\u00f3n de sensoresbiofot\u00f3nicos para la detecci\u00f3n de m\u00faltiples analitos en aplicaciones sanitarias, es en s\u00ed un avance.<\/p>\n<p>-La validaci\u00f3n de la detecci\u00f3n de las bacterias y enzimas de inter\u00e9s en muestras reales y sucomparaci\u00f3n con los resultados obtenidos por m\u00e9todos tradicionales, hasta donde nuestroconocimiento alcanza, es la primera vez que se llevar\u00e1 a cabo.<\/p>\n<p>&nbsp;<\/p>\n<p>El principio de funcionamiento en el que se basan los sensores biofot\u00f3nicos que se validar\u00e1n en esteproyecto es trasladable a otros analitos de inter\u00e9s en la cl\u00ednica diaria, como, por ejemplo, laidentificaci\u00f3n del origen, v\u00edrico o bacteriano, de ciertas patolog\u00edas que cursan con s\u00edntomasindistinguibles, o la identificaci\u00f3n r\u00e1pida del tipo de la bacteria espec\u00edfica que causa la enfermedad.Estas nuevas aplicaciones contribuir\u00edan a abordar en el proyecto la detecci\u00f3n del c\u00e1ncer de mama.<\/p>\n<p>[\/et_pb_text][\/et_pb_column][\/et_pb_row][\/et_pb_section]<\/p>\n","protected":false},"excerpt":{"rendered":"<p>[et_pb_section fb_built=\u00bb1&#8243; admin_label=\u00bbHero Section\u00bb _builder_version=\u00bb4.3.2&#8243; background_color=\u00bb#FFFFFF\u00bb background_image=\u00bbhttps:\/\/ntc-avi.com\/wp-content\/uploads\/2020\/02\/FONDOtransparete.png\u00bb parallax=\u00bbon\u00bb width=\u00bb100%\u00bb max_width=\u00bb100%\u00bb module_alignment=\u00bbcenter\u00bb min_height=\u00bb704px\u00bb custom_margin=\u00bb||2px|||\u00bb custom_padding=\u00bb||5px|||\u00bb bottom_divider_style=\u00bbramp\u00bb bottom_divider_color=\u00bbrgba(207,112,1,0.36)\u00bb bottom_divider_height=\u00bb140px\u00bb bottom_divider_repeat=\u00bb0x\u00bb bottom_divider_flip=\u00bbhorizontal\u00bb animation_style=\u00bbfade\u00bb da_disable_devices=\u00bboff|off|off\u00bb da_is_popup=\u00bboff\u00bb da_exit_intent=\u00bboff\u00bb da_has_close=\u00bbon\u00bb da_alt_close=\u00bboff\u00bb da_dark_close=\u00bboff\u00bb da_not_modal=\u00bbon\u00bb da_is_singular=\u00bboff\u00bb da_with_loader=\u00bboff\u00bb da_has_shadow=\u00bbon\u00bb][et_pb_row _builder_version=\u00bb4.3.2&#8243;][et_pb_column type=\u00bb4_4&#8243; _builder_version=\u00bb4.3.2&#8243;][\/et_pb_column][\/et_pb_row][et_pb_row _builder_version=\u00bb4.3.2&#8243;][et_pb_column type=\u00bb4_4&#8243; _builder_version=\u00bb4.3.2&#8243;][et_pb_text _builder_version=\u00bb4.3.2&#8243; text_text_color=\u00bb#cf7001&#8243; transform_scale=\u00bb214%|214%\u00bb width=\u00bb100%\u00bb max_width=\u00bb100%\u00bb module_alignment=\u00bbcenter\u00bb inline_fonts=\u00bbABeeZee\u00bb] UCIE NTC-AVI [\/et_pb_text][et_pb_text _builder_version=\u00bb4.3.2&#8243; text_text_shadow_style=\u00bbpreset2&#8243; text_text_shadow_blur_strength=\u00bb0.47em\u00bb inline_fonts=\u00bbABeeZee\u00bb] Unidad Cient\u00edfica de Innovaci\u00f3n Empresarial [&hellip;]<\/p>\n","protected":false},"author":1,"featured_media":0,"parent":0,"menu_order":0,"comment_status":"closed","ping_status":"closed","template":"","meta":{"_et_pb_use_builder":"on","_et_pb_old_content":"<!-- wp:paragraph -->\n<p>This is an example page. It's different from a blog post because it will stay in one place and will show up in your site navigation (in most themes). Most people start with an About page that introduces them to potential site visitors. It might say something like this:<\/p>\n<!-- \/wp:paragraph -->\n\n<!-- wp:quote -->\n<blockquote class=\"wp-block-quote\"><p>Hi there! I'm a bike messenger by day, aspiring actor by night, and this is my website. I live in Los Angeles, have a great dog named Jack, and I like pi\u00f1a coladas. (And gettin' caught in the rain.)<\/p><\/blockquote>\n<!-- \/wp:quote -->\n\n<!-- wp:paragraph -->\n<p>...or something like this:<\/p>\n<!-- \/wp:paragraph -->\n\n<!-- wp:quote -->\n<blockquote class=\"wp-block-quote\"><p>The XYZ Doohickey Company was founded in 1971, and has been providing quality doohickeys to the public ever since. Located in Gotham City, XYZ employs over 2,000 people and does all kinds of awesome things for the Gotham community.<\/p><\/blockquote>\n<!-- \/wp:quote -->\n\n<!-- wp:paragraph -->\n<p>As a new WordPress user, you should go to <a href=\"https:\/\/ntc-avi.com\/wp-admin\/\">your dashboard<\/a> to delete this page and create new pages for your content. Have fun!<\/p>\n<!-- \/wp:paragraph -->","_et_gb_content_width":""},"_links":{"self":[{"href":"https:\/\/ntc-avi.com\/index.php?rest_route=\/wp\/v2\/pages\/2"}],"collection":[{"href":"https:\/\/ntc-avi.com\/index.php?rest_route=\/wp\/v2\/pages"}],"about":[{"href":"https:\/\/ntc-avi.com\/index.php?rest_route=\/wp\/v2\/types\/page"}],"author":[{"embeddable":true,"href":"https:\/\/ntc-avi.com\/index.php?rest_route=\/wp\/v2\/users\/1"}],"replies":[{"embeddable":true,"href":"https:\/\/ntc-avi.com\/index.php?rest_route=%2Fwp%2Fv2%2Fcomments&post=2"}],"version-history":[{"count":61,"href":"https:\/\/ntc-avi.com\/index.php?rest_route=\/wp\/v2\/pages\/2\/revisions"}],"predecessor-version":[{"id":216,"href":"https:\/\/ntc-avi.com\/index.php?rest_route=\/wp\/v2\/pages\/2\/revisions\/216"}],"wp:attachment":[{"href":"https:\/\/ntc-avi.com\/index.php?rest_route=%2Fwp%2Fv2%2Fmedia&parent=2"}],"curies":[{"name":"wp","href":"https:\/\/api.w.org\/{rel}","templated":true}]}}